{"id":11059,"date":"2018-09-20T08:49:19","date_gmt":"2018-09-20T07:49:19","guid":{"rendered":"http:\/\/montreux-vieux.net\/?page_id=11059"},"modified":"2019-01-02T13:35:07","modified_gmt":"2019-01-02T12:35:07","slug":"le-saviez-vous-larcheveque-de-besancon-echappe-a-une-canonnade-en-partant-de-montreux-vieux","status":"publish","type":"page","link":"https:\/\/montreux-vieux.net\/?page_id=11059","title":{"rendered":"Le Saviez-vous\u00a0? L\u2019Archev\u00eaque de Besan\u00e7on \u00e9chappe \u00e0 une canonnade en partant de Montreux-Vieux."},"content":{"rendered":"<h3 style=\"text-align: center;\">Le Saviez-vous&nbsp;? L\u2019Archev\u00eaque de Besan\u00e7on \u00e9chappe \u00e0 une canonnade en partant de Montreux-Vieux.<\/h3>\n<div id=\"attachment_11057\" style=\"width: 223px\" class=\"wp-caption aligncenter\"><a href=\"http:\/\/montreux-vieux.net\/montreux-vieux.net\/wp-content\/uploads\/2018\/09\/ScreenShot1170.jpg\" target=\"_blank\" rel=\"noopener\"><img loading=\"lazy\" decoding=\"async\" aria-describedby=\"caption-attachment-11057\" class=\"wp-image-11057 size-full\" src=\"http:\/\/montreux-vieux.net\/montreux-vieux.net\/wp-content\/uploads\/2018\/09\/ScreenShot1170.jpg\" alt=\"\" width=\"213\" height=\"287\"><\/a><p id=\"caption-attachment-11057\" class=\"wp-caption-text\">Mgr Fran\u00e7ois-L\u00e9on Gauthey<\/p><\/div>\n<h4 style=\"text-align: justify;\">En Alsace Reconquise il n\u2019y a plus eu de confirmations depuis 1913. \u00c0 la fin de l\u2019ann\u00e9e 1917, le chanoine Pesseux signale le fait au cardinal Gasparri. Le Secr\u00e9taire d\u2019\u00c9tat du Vatican charge alors Mgr Gauthey, archev\u00eaque de Besan\u00e7on, d\u2019une mission de confirmation en Alsace. La visite pastorale de Mgr Fran\u00e7ois-L\u00e9on Gauthey a lieu du samedi 8 juin au dimanche 16 juin 1918. Mardi 11 juin, premi\u00e8re incursion dans le Sundgau. &nbsp;Le matin, \u00e0 Montreux-Vieux, Mgr Gauthey est accueilli par le cur\u00e9 Camille Tschirrart. Apr\u00e8s la c\u00e9r\u00e9monie de confirmation, le pr\u00e9lat prit la direction de Mertzen. Une panne de voiture providentielle retarde le convoi et lui permet d\u2019\u00e9chapper \u00e0 une canonnade allemande de la route qu\u2019il allait emprunter. Pendant son voyage en Alsace, l\u2019archev\u00eaque a confirm\u00e9 tr\u00e8s pr\u00e9cis\u00e9ment 4408 enfants.<\/h4>\n","protected":false},"excerpt":{"rendered":"<p>Le Saviez-vous&nbsp;? L\u2019Archev\u00eaque de Besan\u00e7on \u00e9chappe \u00e0 une canonnade en partant de Montreux-Vieux. En Alsace Reconquise il n\u2019y a plus eu de confirmations depuis 1913. \u00c0 la fin de l\u2019ann\u00e9e 1917, le chanoine Pesseux signale le fait au cardinal Gasparri. &hellip; <a href=\"https:\/\/montreux-vieux.net\/?page_id=11059\">Continuer la lecture <span class=\"meta-nav\">&rarr;<\/span><\/a><\/p>\n","protected":false},"author":1,"featured_media":0,"parent":12673,"menu_order":70,"comment_status":"closed","ping_status":"open","template":"","meta":{"footnotes":""},"class_list":["post-11059","page","type-page","status-publish","hentry"],"_links":{"self":[{"href":"https:\/\/montreux-vieux.net\/index.php?rest_route=\/wp\/v2\/pages\/11059","targetHints":{"allow":["GET"]}}],"collection":[{"href":"https:\/\/montreux-vieux.net\/index.php?rest_route=\/wp\/v2\/pages"}],"about":[{"href":"https:\/\/montreux-vieux.net\/index.php?rest_route=\/wp\/v2\/types\/page"}],"author":[{"embeddable":true,"href":"https:\/\/montreux-vieux.net\/index.php?rest_route=\/wp\/v2\/users\/1"}],"replies":[{"embeddable":true,"href":"https:\/\/montreux-vieux.net\/index.php?rest_route=%2Fwp%2Fv2%2Fcomments&post=11059"}],"version-history":[{"count":2,"href":"https:\/\/montreux-vieux.net\/index.php?rest_route=\/wp\/v2\/pages\/11059\/revisions"}],"predecessor-version":[{"id":13331,"href":"https:\/\/montreux-vieux.net\/index.php?rest_route=\/wp\/v2\/pages\/11059\/revisions\/13331"}],"up":[{"embeddable":true,"href":"https:\/\/montreux-vieux.net\/index.php?rest_route=\/wp\/v2\/pages\/12673"}],"wp:attachment":[{"href":"https:\/\/montreux-vieux.net\/index.php?rest_route=%2Fwp%2Fv2%2Fmedia&parent=11059"}],"curies":[{"name":"wp","href":"https:\/\/api.w.org\/{rel}","templated":true}]}}