{"id":12663,"date":"2018-12-18T16:22:33","date_gmt":"2018-12-18T15:22:33","guid":{"rendered":"http:\/\/montreux-vieux.net\/?page_id=12663"},"modified":"2018-12-24T14:03:24","modified_gmt":"2018-12-24T13:03:24","slug":"le-saviez-vous-depart-du-53e-territorial-le-20-decembre-1914","status":"publish","type":"page","link":"https:\/\/montreux-vieux.net\/?page_id=12663","title":{"rendered":"Le saviez-vous ? D\u00e9part du 53\u00e8 territorial le 20 d\u00e9cembre  1914"},"content":{"rendered":"\n<h3 class=\"wp-block-heading\" style=\"text-align:center\" id=\"mce_0\">D\u00e9part du 53\u00e8 territorial le 20 d\u00e9cembre &nbsp;1914<\/h3>\n\n\n\n<p>Le 53\u00e8 territorial est parti de Montreux-Vieux. Il laisse un bon souvenir. Les soldats se sentaient heureux et la population les estimait. Le 98\u00e8 territorial avec le commandant Maillot est arriv\u00e9 le m\u00eame jour. Le G\u00e9n\u00e9ral Bernard loge \u00e0 Chavannes-Sur-L&rsquo;Etang<\/p>\n\n\n\n<div class=\"wp-block-image\"><figure class=\"aligncenter\"><img loading=\"lazy\" decoding=\"async\" width=\"152\" height=\"220\" src=\"http:\/\/montreux-vieux.net\/montreux-vieux.net\/wp-content\/uploads\/2018\/12\/ScreenShot1467.jpg\" alt=\"\" class=\"wp-image-12658\"\/><\/figure><\/div>\n","protected":false},"excerpt":{"rendered":"<p>D\u00e9part du 53\u00e8 territorial le 20 d\u00e9cembre &nbsp;1914 Le 53\u00e8 territorial est parti de Montreux-Vieux. Il laisse un bon souvenir. Les soldats se sentaient heureux et la population les estimait. Le 98\u00e8 territorial avec le commandant Maillot est arriv\u00e9 le &hellip; <a href=\"https:\/\/montreux-vieux.net\/?page_id=12663\">Continuer la lecture <span class=\"meta-nav\">&rarr;<\/span><\/a><\/p>\n","protected":false},"author":1,"featured_media":0,"parent":12673,"menu_order":10,"comment_status":"closed","ping_status":"open","template":"","meta":{"footnotes":""},"class_list":["post-12663","page","type-page","status-publish","hentry"],"_links":{"self":[{"href":"https:\/\/montreux-vieux.net\/index.php?rest_route=\/wp\/v2\/pages\/12663","targetHints":{"allow":["GET"]}}],"collection":[{"href":"https:\/\/montreux-vieux.net\/index.php?rest_route=\/wp\/v2\/pages"}],"about":[{"href":"https:\/\/montreux-vieux.net\/index.php?rest_route=\/wp\/v2\/types\/page"}],"author":[{"embeddable":true,"href":"https:\/\/montreux-vieux.net\/index.php?rest_route=\/wp\/v2\/users\/1"}],"replies":[{"embeddable":true,"href":"https:\/\/montreux-vieux.net\/index.php?rest_route=%2Fwp%2Fv2%2Fcomments&post=12663"}],"version-history":[{"count":1,"href":"https:\/\/montreux-vieux.net\/index.php?rest_route=\/wp\/v2\/pages\/12663\/revisions"}],"predecessor-version":[{"id":12664,"href":"https:\/\/montreux-vieux.net\/index.php?rest_route=\/wp\/v2\/pages\/12663\/revisions\/12664"}],"up":[{"embeddable":true,"href":"https:\/\/montreux-vieux.net\/index.php?rest_route=\/wp\/v2\/pages\/12673"}],"wp:attachment":[{"href":"https:\/\/montreux-vieux.net\/index.php?rest_route=%2Fwp%2Fv2%2Fmedia&parent=12663"}],"curies":[{"name":"wp","href":"https:\/\/api.w.org\/{rel}","templated":true}]}}