{"id":19943,"date":"2020-07-02T16:50:28","date_gmt":"2020-07-02T15:50:28","guid":{"rendered":"http:\/\/montreux-vieux.net\/?page_id=19943"},"modified":"2020-07-02T16:51:02","modified_gmt":"2020-07-02T15:51:02","slug":"la-gare-allemande-de-montreux-vieux-saccagee-par-des-voyageurs-irrites-mulhouse-15-juillet","status":"publish","type":"page","link":"https:\/\/montreux-vieux.net\/?page_id=19943","title":{"rendered":"La gare allemande de Montreux-Vieux saccag\u00e9e par des voyageurs irrit\u00e9s Mulhouse, 15 juillet 1912."},"content":{"rendered":"\n<p>La gare allemande de Montreux-Vieux saccag\u00e9e par des voyageurs irrit\u00e9s Mulhouse, 15 juillet.<\/p>\n\n\n\n<p>Une violente bagarre s&rsquo;est produite, la nuit derni\u00e8re, \u00e0 Montreux Vieux, station fronti\u00e8re allemande, sur la ligne de Belfort \u00e0 Mulhouse. Des Alsaciens, qui avaient pass\u00e9 la journ\u00e9e en France pour c\u00e9l\u00e9brer la f\u00eate nationale, ont d\u00e9moli, en effet, des portes et des fen\u00eatres de la gare allemande. Une rixe s&rsquo;ensuivit, qui se termina, par l&rsquo;arrestation d&rsquo;une quinzaine de manifestants. Ceux-ci ont \u00e9t\u00e9 transf\u00e9r\u00e9s aujourd&rsquo;hui \u00e0 la prison de Mulhouse.<\/p>\n\n\n\n<p>Voici, d&rsquo;apr\u00e8s un spectateur, ce qui se serait pass\u00e9<\/p>\n\n\n\n<p>Les voyageurs venant de Belfort, et qui \u00e9taient au nombre de 1,500, furent enferm\u00e9s dans la salle d&rsquo;attente. Il r\u00e9gnait dans ce local une chaleur torride et plusieurs dames se trouv\u00e8rent prises de suffocation. Comme les employ\u00e9s refusaient d&rsquo;ouvrir les portes donnant acc\u00e8s aux quais, les hommes les enfonc\u00e8rent et cass\u00e8rent les carreaux des fen\u00eatres, pour laisser arriver de l&rsquo;air. C&rsquo;est en vain qu&rsquo;on chercha \u00e0 refouler les voyageurs dans le r\u00e9duit o\u00f9 ils \u00e9taient \u00e9touff\u00e9s et il y eut alors une bagarre qui se termina de la fa\u00e7on dite plus haut<\/p>\n\n\n\n<p>Sources&nbsp;: Le Petit Parisien 16 juillet 1912<\/p>\n","protected":false},"excerpt":{"rendered":"<p>La gare allemande de Montreux-Vieux saccag\u00e9e par des voyageurs irrit\u00e9s Mulhouse, 15 juillet. Une violente bagarre s&rsquo;est produite, la nuit derni\u00e8re, \u00e0 Montreux Vieux, station fronti\u00e8re allemande, sur la ligne de Belfort \u00e0 Mulhouse. Des Alsaciens, qui avaient pass\u00e9 la &hellip; <a href=\"https:\/\/montreux-vieux.net\/?page_id=19943\">Continuer la lecture <span class=\"meta-nav\">&rarr;<\/span><\/a><\/p>\n","protected":false},"author":1,"featured_media":0,"parent":12998,"menu_order":15,"comment_status":"closed","ping_status":"open","template":"","meta":{"footnotes":""},"class_list":["post-19943","page","type-page","status-publish","hentry"],"_links":{"self":[{"href":"https:\/\/montreux-vieux.net\/index.php?rest_route=\/wp\/v2\/pages\/19943","targetHints":{"allow":["GET"]}}],"collection":[{"href":"https:\/\/montreux-vieux.net\/index.php?rest_route=\/wp\/v2\/pages"}],"about":[{"href":"https:\/\/montreux-vieux.net\/index.php?rest_route=\/wp\/v2\/types\/page"}],"author":[{"embeddable":true,"href":"https:\/\/montreux-vieux.net\/index.php?rest_route=\/wp\/v2\/users\/1"}],"replies":[{"embeddable":true,"href":"https:\/\/montreux-vieux.net\/index.php?rest_route=%2Fwp%2Fv2%2Fcomments&post=19943"}],"version-history":[{"count":2,"href":"https:\/\/montreux-vieux.net\/index.php?rest_route=\/wp\/v2\/pages\/19943\/revisions"}],"predecessor-version":[{"id":19945,"href":"https:\/\/montreux-vieux.net\/index.php?rest_route=\/wp\/v2\/pages\/19943\/revisions\/19945"}],"up":[{"embeddable":true,"href":"https:\/\/montreux-vieux.net\/index.php?rest_route=\/wp\/v2\/pages\/12998"}],"wp:attachment":[{"href":"https:\/\/montreux-vieux.net\/index.php?rest_route=%2Fwp%2Fv2%2Fmedia&parent=19943"}],"curies":[{"name":"wp","href":"https:\/\/api.w.org\/{rel}","templated":true}]}}