{"id":2705,"date":"2012-01-04T16:06:31","date_gmt":"2012-01-04T15:06:31","guid":{"rendered":"http:\/\/montreux-vieux.org\/?page_id=2705"},"modified":"2019-01-02T10:42:56","modified_gmt":"2019-01-02T09:42:56","slug":"un-francais-incorpore-malgre-lui-dans-larmee-allemande","status":"publish","type":"page","link":"https:\/\/montreux-vieux.net\/?page_id=2705","title":{"rendered":"Un fran\u00e7ais incorpor\u00e9 malgr\u00e9 lui dans l&rsquo;arm\u00e9e allemande"},"content":{"rendered":"<h3 style=\"text-align: center;\"><span style=\"color: #000000;\">Un fran\u00e7ais incorpor\u00e9 malgr\u00e9 lui dans l&rsquo;arm\u00e9e allemande<\/span><\/h3>\n<h4 style=\"text-align: justify;\">20-08-1896<\/h4>\n<h4 style=\"text-align: justify;\">Le 11 mai dernier un habitant de Belfort, Monsieur Muller Joseph, ouvrier \u00e9lectricien, ayant re\u00e7u des nouvelles alarmantes sur la sant\u00e9 de ses parents, r\u00e9solut de leur rendre visite, bien qu\u2019ils r\u00e9sidassent aux environs de Mulhouse, en plein territoire annex\u00e9.<\/h4>\n<h4 style=\"text-align: justify;\">Par malheur \u00e0 la gare allemande de Montreux-Vieux, il rencontra un de ses anciens camarades d\u2019\u00e9cole, aujourd\u2019hui gendarme allemand, qui l\u2019arr\u00eata comme d\u00e9serteur.<\/h4>\n<h4 style=\"text-align: justify;\">Au bureau du chef de police, Monsieur Muller expliqua qu\u2019il avait quitt\u00e9 l\u2019Alsace-Lorraine depuis douze ans et que, ayant accompli son service militaire dans la l\u00e9gion \u00e9trang\u00e8re et fait la campagne du Tonkin, il se trouva de droit naturalis\u00e9 fran\u00e7ais et ne pouvait \u00eatre poursuivi en Allemagne pour d\u00e9sertion.<\/h4>\n<h4 style=\"text-align: justify;\">Les autorit\u00e9s en jug\u00e8rent autrement, Muller fut enferm\u00e9 pendant six semaines en prison, puis incorpor\u00e9 \u00e0 Cologne dans la 8\u00e8 Compagnie du 65\u00e8 d\u2019infanterie.<\/h4>\n<h4 style=\"text-align: justify;\">De la Muller en butte aux mauvais traitements fit conna\u00eetre par son beau-fr\u00e8re aux autorit\u00e9s fran\u00e7aises &nbsp;sa situation.<\/h4>\n<h4 style=\"text-align: justify;\">Des semaines s\u2019\u00e9coul\u00e8rent sans amener de changement, pour combler son malheur, Monsieur Muller apprit la mort de sa fillette de 14 ans. Alors fou de douleur, ayant re\u00e7u l\u2019argent le 10 ao\u00fbt dernier il acheta des v\u00eatements civils et d\u00e9serta pendant des man\u0153uvres de nuit. Il descendit sur la berge du Rhin et tant\u00f4t courant, tant\u00f4t nageant il se dirigea sur Cologne ou il prit l\u2019express de Paris<\/h4>\n","protected":false},"excerpt":{"rendered":"<p>Un fran\u00e7ais incorpor\u00e9 malgr\u00e9 lui dans l&rsquo;arm\u00e9e allemande 20-08-1896 Le 11 mai dernier un habitant de Belfort, Monsieur Muller Joseph, ouvrier \u00e9lectricien, ayant re\u00e7u des nouvelles alarmantes sur la sant\u00e9 de ses parents, r\u00e9solut de leur rendre visite, bien qu\u2019ils &hellip; <a href=\"https:\/\/montreux-vieux.net\/?page_id=2705\">Continuer la lecture <span class=\"meta-nav\">&rarr;<\/span><\/a><\/p>\n","protected":false},"author":1,"featured_media":0,"parent":12673,"menu_order":54,"comment_status":"open","ping_status":"open","template":"","meta":{"footnotes":""},"class_list":["post-2705","page","type-page","status-publish","hentry"],"_links":{"self":[{"href":"https:\/\/montreux-vieux.net\/index.php?rest_route=\/wp\/v2\/pages\/2705","targetHints":{"allow":["GET"]}}],"collection":[{"href":"https:\/\/montreux-vieux.net\/index.php?rest_route=\/wp\/v2\/pages"}],"about":[{"href":"https:\/\/montreux-vieux.net\/index.php?rest_route=\/wp\/v2\/types\/page"}],"author":[{"embeddable":true,"href":"https:\/\/montreux-vieux.net\/index.php?rest_route=\/wp\/v2\/users\/1"}],"replies":[{"embeddable":true,"href":"https:\/\/montreux-vieux.net\/index.php?rest_route=%2Fwp%2Fv2%2Fcomments&post=2705"}],"version-history":[{"count":3,"href":"https:\/\/montreux-vieux.net\/index.php?rest_route=\/wp\/v2\/pages\/2705\/revisions"}],"predecessor-version":[{"id":13278,"href":"https:\/\/montreux-vieux.net\/index.php?rest_route=\/wp\/v2\/pages\/2705\/revisions\/13278"}],"up":[{"embeddable":true,"href":"https:\/\/montreux-vieux.net\/index.php?rest_route=\/wp\/v2\/pages\/12673"}],"wp:attachment":[{"href":"https:\/\/montreux-vieux.net\/index.php?rest_route=%2Fwp%2Fv2%2Fmedia&parent=2705"}],"curies":[{"name":"wp","href":"https:\/\/api.w.org\/{rel}","templated":true}]}}