{"id":4727,"date":"2015-02-17T11:58:00","date_gmt":"2015-02-17T10:58:00","guid":{"rendered":"http:\/\/montreux-vieux.net\/?page_id=4727"},"modified":"2016-11-02T16:14:13","modified_gmt":"2016-11-02T15:14:13","slug":"bohly-joseph-ne-a-montreux-vieux-compositeur-de-renommee","status":"publish","type":"page","link":"https:\/\/montreux-vieux.net\/?page_id=4727","title":{"rendered":"Bohly Joseph n\u00e9 \u00e0 Montreux-Vieux compositeur de renomm\u00e9e"},"content":{"rendered":"<h3 style=\"text-align: center;\">Un compositeur montreusien de renomm\u00e9e :\u00a0 Bohly Joseph<\/h3>\n<h4 style=\"text-align: justify;\">Bohly Joseph est n\u00e9 \u00e0 Montreux-Vieux le 18 avril 1889. Il est d\u00e9c\u00e9d\u00e9 \u00e0 Guebwiller le 5 juin 1967.\u00a0Il fait partie des personnalit\u00e9s marquantes de Montreux-Vieux. Il a fini par entrer dans l\u2019Anthologie des compositeurs de Musique d\u2019Alsace sous la mention suivante:<\/h4>\n<h4 style=\"text-align: justify;\">\u00abBohly, Joseph (1889 Montreux-Vieux \u2013 1967 Guebwiller) \u2013 Instituteur et chef de choeur, Joseph Bohly a jou\u00e9 un r\u00f4le important dans le mouvement des chorales d\u2019Alsace. Il laisse de nombreuses oeuvres de musique chorale.\u00bb<\/h4>\n<div id=\"attachment_8192\" style=\"width: 955px\" class=\"wp-caption alignnone\"><a href=\"http:\/\/montreux-vieux.net\/montreux-vieux.net\/wp-content\/uploads\/2015\/02\/1.jpg\" target=\"_blank\"><img loading=\"lazy\" decoding=\"async\" aria-describedby=\"caption-attachment-8192\" class=\"wp-image-8192 size-full\" src=\"http:\/\/montreux-vieux.net\/montreux-vieux.net\/wp-content\/uploads\/2015\/02\/1.jpg\" alt=\"Joseph Bohly musicien compositeur montreusien de renomm\u00e9e\" width=\"945\" height=\"756\" srcset=\"https:\/\/montreux-vieux.net\/montreux-vieux.net\/wp-content\/uploads\/2015\/02\/1.jpg 945w, https:\/\/montreux-vieux.net\/montreux-vieux.net\/wp-content\/uploads\/2015\/02\/1-300x240.jpg 300w, https:\/\/montreux-vieux.net\/montreux-vieux.net\/wp-content\/uploads\/2015\/02\/1-768x614.jpg 768w, https:\/\/montreux-vieux.net\/montreux-vieux.net\/wp-content\/uploads\/2015\/02\/1-600x480.jpg 600w\" sizes=\"auto, (max-width: 945px) 100vw, 945px\" \/><\/a><p id=\"caption-attachment-8192\" class=\"wp-caption-text\">Joseph Bohly, l\u2019une en grand portrait, l\u2019autre avec son \u00e9pouse Lucie, institutrice \u00e9galement (ils ont eu deux enfants : Marie-Th\u00e9r\u00e8se qui a \u00e9pous\u00e9 un Docteur Pflimlin \u00e0 Guebwiller et Jean-Paul, gar\u00e7on enr\u00f4l\u00e9 de force mort sur le front russe)<\/p><\/div>\n<h4 style=\"text-align: justify;\">\u00a0Apr\u00e8s ses \u00e9tudes \u00e0 l&rsquo;Ecole Normale de Colmar, il occupait un premier poste d&rsquo;instituteur et d&rsquo;organiste \u00e0 Issenheim (1918 1921). Ensuite et jusqu&rsquo;\u00e0 sa mise \u00e0 la retraite il enseignait \u00e0 l&rsquo;\u00e9cole primaire de Guebwiller. Il dirigeait les chorales \u00ab\u00a0Echo di Vignoble\u00a0\u00bb \u00e0 Orschwihr, \u00ab\u00a0Echo du Florival\u00a0\u00bb de Guebwiller, \u00ab\u00a0Harmonie\u00a0\u00bb de Soultz \u00ab\u00a0Orph\u00e9enne\u00a0\u00bb de Guebwiller ainsi que le choeur mixte de la paroisse Saint L\u00e9ger de Gubwiller. Retrait\u00e9 \u00e0 Gu\u00e9bwiller.<\/h4>\n<h3 style=\"text-align: center;\">Sa famille<\/h3>\n<p style=\"text-align: center;\"><a href=\"http:\/\/montreux-vieux.net\/montreux-vieux.net\/wp-content\/uploads\/2016\/10\/Eug\u00e8ne-directeur-d\u2019\u00e9cole-\u00e0-Mulhouse-et-musicien-\u00e9galement-a-\u00e9pous\u00e9-une-violoniste-suisse-Rosalie-Auguste-Directeur-d\u2019\u00e9cole-\u00e0-Huningue-Marie-Joseph-et-LouiseThe-Sartorial-3.jpg\" target=\"_blank\"><img loading=\"lazy\" decoding=\"async\" class=\"aligncenter wp-image-8235 size-full\" src=\"http:\/\/montreux-vieux.net\/montreux-vieux.net\/wp-content\/uploads\/2016\/10\/Eug\u00e8ne-directeur-d\u2019\u00e9cole-\u00e0-Mulhouse-et-musicien-\u00e9galement-a-\u00e9pous\u00e9-une-violoniste-suisse-Rosalie-Auguste-Directeur-d\u2019\u00e9cole-\u00e0-Huningue-Marie-Joseph-et-LouiseThe-Sartorial-3.jpg\" alt=\"eugene-directeur-decole-a-mulhouse-et-musicien-egalement-a-epouse-une-violoniste-suisse-rosalie-auguste-directeur-decole-a-huningue-marie-joseph-et-louisethe-sartorial-3\" width=\"945\" height=\"756\" srcset=\"https:\/\/montreux-vieux.net\/montreux-vieux.net\/wp-content\/uploads\/2016\/10\/Eug\u00e8ne-directeur-d\u2019\u00e9cole-\u00e0-Mulhouse-et-musicien-\u00e9galement-a-\u00e9pous\u00e9-une-violoniste-suisse-Rosalie-Auguste-Directeur-d\u2019\u00e9cole-\u00e0-Huningue-Marie-Joseph-et-LouiseThe-Sartorial-3.jpg 945w, https:\/\/montreux-vieux.net\/montreux-vieux.net\/wp-content\/uploads\/2016\/10\/Eug\u00e8ne-directeur-d\u2019\u00e9cole-\u00e0-Mulhouse-et-musicien-\u00e9galement-a-\u00e9pous\u00e9-une-violoniste-suisse-Rosalie-Auguste-Directeur-d\u2019\u00e9cole-\u00e0-Huningue-Marie-Joseph-et-LouiseThe-Sartorial-3-300x240.jpg 300w, https:\/\/montreux-vieux.net\/montreux-vieux.net\/wp-content\/uploads\/2016\/10\/Eug\u00e8ne-directeur-d\u2019\u00e9cole-\u00e0-Mulhouse-et-musicien-\u00e9galement-a-\u00e9pous\u00e9-une-violoniste-suisse-Rosalie-Auguste-Directeur-d\u2019\u00e9cole-\u00e0-Huningue-Marie-Joseph-et-LouiseThe-Sartorial-3-768x614.jpg 768w, https:\/\/montreux-vieux.net\/montreux-vieux.net\/wp-content\/uploads\/2016\/10\/Eug\u00e8ne-directeur-d\u2019\u00e9cole-\u00e0-Mulhouse-et-musicien-\u00e9galement-a-\u00e9pous\u00e9-une-violoniste-suisse-Rosalie-Auguste-Directeur-d\u2019\u00e9cole-\u00e0-Huningue-Marie-Joseph-et-LouiseThe-Sartorial-3-600x480.jpg 600w\" sizes=\"auto, (max-width: 945px) 100vw, 945px\" \/><\/a><\/p>\n<h4 style=\"text-align: justify;\">Ses parents Charles-Auguste Bohly (1842-1904) et sa femme Marie-Agathe, n\u00e9e Issenlor (1849-1936), \u00e9taient venus s\u2019\u00e9tablir \u00e0 Montreux-Vieux, \u00e0 la fin du XIX\u00e8me si\u00e8cle venant de Munchhouse au nord de Mulhouse. Les Issenlor \u00e9taient une vieille famille de Munchhouse (au nord de Mulhouse), les Bohly venaient de Kienzheim o\u00f9 ils \u00e9taient viticulteurs).\u00a0D\u2019apr\u00e8s la tradition familiale Charles-Auguste Bohly aurait pris un emploi au fret \u00e0 la gare de Montreux-Vieux. Pourquoi\u00a0? Travaillait-il d\u00e9j\u00e0 aux Chemins de fer auparavant\u00a0? Myst\u00e8re (son p\u00e8re \u00e9tait instituteur).<\/h4>\n<h4 style=\"text-align: justify;\">Il avait trois\u00a0fr\u00e8res ayant tous fait l&rsquo;\u00e9cole Normale et trois soeurs.\u00a0Auguste est devenu\u00a0Directeur d\u2019Ecole \u00e0 St. Louis ou Huningue, Eug\u00e8ne \u00e0 Mulhouse, lui m\u00eame Joseph\u00a0est devenu non seulement Directeur d\u2019\u00e9cole \u00e0 Guebwiller mais aussi compositeur reconnu de musique chorale et le plus jeune, Charles, est mort \u00e0 la guerre de 14.<\/h4>\n<h4 style=\"text-align: justify;\">Son p\u00e8re Charles-Auguste Bohly est mort relativement jeune et aurait \u00e9t\u00e9 en plus longtemps grabataire. Sa m\u00e8re, \u00a0veuve \u00a0Marie-Agathe a v\u00e9cu \u00e0 Montreux-Vieux jusqu\u2019\u00e0 sa mort, puis sa fille c\u00e9libataire, Louise Bohly, qui a gagn\u00e9 sa vie comme couturi\u00e8re, avec une ch\u00e8vre et cabane au fond du jardin est venue finir ses derni\u00e8res ann\u00e9es avec ses deux s\u0153urs \u00e0 Haguenau<\/h4>\n<h3 style=\"text-align: center;\">Ses oeuvres de musique chorale<\/h3>\n<h4 style=\"text-align: justify;\">Oeuvres: Choeurs d&rsquo;Hommes \u00ab\u00a0Sous le balcon\u00a0\u00bb \u00ab\u00a0Chant d&rsquo;automne et de vendange\u00a0\u00bb \u00a0\u00ab\u00a0France aim\u00e9e\u00a0\u00bb \u00ab\u00a0Ou ton coeur se pose\u00a0\u00bb \u00ab\u00a0Nuit en mer\u00a0\u00bb \u00ab\u00a0Conbien j&rsquo;ai douce souvenance\u00a0\u00bb \u00ab\u00a0Si mes vers avaient des ailes\u00a0\u00bb \u00ab\u00a0Mon Alsace, mon pays\u00a0\u00bb \u00ab\u00a0La saison des amours\u00a0\u00bb \u00ab\u00a0Aubade printani\u00e8re\u00a0\u00bb \u00ab\u00a0L&rsquo;art du chant unit tous les coeurs\u00a0\u00bb<\/h4>\n<h4 style=\"text-align: justify;\">Coeurs mixtes et \u00e0 trois voix \u00e9gales \u00ab\u00a0France aim\u00e9e\u00a0\u00bb \u00ab\u00a0S&rsquo;Vogesemarle\u00a0\u00bb \u00ab\u00a0Kaltowe\u00a0\u00bb \u00ab\u00a0Au bord de la Loire\u00a0\u00bb \u00ab\u00a0Rondel du Printemps\u00a0\u00bb \u00ab\u00a0Les fille de La Rochelle\u00a0\u00bb \u00ab\u00a0D&rsquo;ou viens-tu berg\u00e8re?\u00a0\u00bb (No\u00ebl) \u00ab\u00a0Sur la route de Montpellier\u00a0\u00bb \u00ab\u00a0G Magali\u00a0\u00bb \u00ab\u00a0Nous voici dans la ville\u00a0\u00bb (No\u00ebl)<\/h4>\n","protected":false},"excerpt":{"rendered":"<p>Un compositeur montreusien de renomm\u00e9e :\u00a0 Bohly Joseph Bohly Joseph est n\u00e9 \u00e0 Montreux-Vieux le 18 avril 1889. Il est d\u00e9c\u00e9d\u00e9 \u00e0 Guebwiller le 5 juin 1967.\u00a0Il fait partie des personnalit\u00e9s marquantes de Montreux-Vieux. Il a fini par entrer dans &hellip; <a href=\"https:\/\/montreux-vieux.net\/?page_id=4727\">Continuer la lecture <span class=\"meta-nav\">&rarr;<\/span><\/a><\/p>\n","protected":false},"author":1,"featured_media":0,"parent":4091,"menu_order":2,"comment_status":"open","ping_status":"open","template":"","meta":{"footnotes":""},"class_list":["post-4727","page","type-page","status-publish","hentry"],"_links":{"self":[{"href":"https:\/\/montreux-vieux.net\/index.php?rest_route=\/wp\/v2\/pages\/4727","targetHints":{"allow":["GET"]}}],"collection":[{"href":"https:\/\/montreux-vieux.net\/index.php?rest_route=\/wp\/v2\/pages"}],"about":[{"href":"https:\/\/montreux-vieux.net\/index.php?rest_route=\/wp\/v2\/types\/page"}],"author":[{"embeddable":true,"href":"https:\/\/montreux-vieux.net\/index.php?rest_route=\/wp\/v2\/users\/1"}],"replies":[{"embeddable":true,"href":"https:\/\/montreux-vieux.net\/index.php?rest_route=%2Fwp%2Fv2%2Fcomments&post=4727"}],"version-history":[{"count":12,"href":"https:\/\/montreux-vieux.net\/index.php?rest_route=\/wp\/v2\/pages\/4727\/revisions"}],"predecessor-version":[{"id":8372,"href":"https:\/\/montreux-vieux.net\/index.php?rest_route=\/wp\/v2\/pages\/4727\/revisions\/8372"}],"up":[{"embeddable":true,"href":"https:\/\/montreux-vieux.net\/index.php?rest_route=\/wp\/v2\/pages\/4091"}],"wp:attachment":[{"href":"https:\/\/montreux-vieux.net\/index.php?rest_route=%2Fwp%2Fv2%2Fmedia&parent=4727"}],"curies":[{"name":"wp","href":"https:\/\/api.w.org\/{rel}","templated":true}]}}