{"id":5020,"date":"2015-02-21T16:00:49","date_gmt":"2015-02-21T15:00:49","guid":{"rendered":"http:\/\/montreux-vieux.net\/?page_id=5020"},"modified":"2019-01-03T13:56:21","modified_gmt":"2019-01-03T12:56:21","slug":"retrouvailles","status":"publish","type":"page","link":"https:\/\/montreux-vieux.net\/?page_id=5020","title":{"rendered":"Retrouvailles"},"content":{"rendered":"<div id=\"post-238\" class=\"post-238 post type-post status-publish format-standard hentry category-retrouvailles\">\n<div class=\"entry-content\">\n<h3 style=\"text-align: center;\">Ceci est le premier article de la rubrique \u00ab&nbsp;Retrouvailles&nbsp;\u00bb<\/h3>\n<h4 style=\"text-align: justify;\">Bonjour Jean-Michel et f\u00e9licitations pour ce blog que je regarderai \u00e9voluer avec grand plaisir \u2013 Bien que n\u00e9e \u00e0 S\u00e9lestat, j\u2019ai pass\u00e9 ma petite enfance et ma jeunesse \u00e0 Montreux, \u00e9lev\u00e9e chez mes grands parents rue de Chavannes (maintenant rue des Vosges) j\u2019y ai donc mes racines et j\u2019y serai enterr\u00e9e un jour pr\u00e8s de ceux qui me sont chers. Depuis 4 ans je vis \u00e0 Altkirch mais je ne pense pas y finir mes jours.<\/h4>\n<h4 style=\"text-align: justify;\">Dommage que notre village soit devenu un village-dortoir, quand je pense \u00e0 l\u2019animation qui y r\u00e9gnait !<\/h4>\n<h4 style=\"text-align: justify;\">Que de souvenirs se bousculent ! Des sc\u00e8nes pr\u00e9cises, des odeurs me reviennent de temps en temps\u2026..le march\u00e9 en bas pr\u00e8s de la gare, avec ses odeurs, (Fernand Bouvier qui vendait du poisson), les f\u00eates foraines, le cin\u00e9ma (mon premier film, quel \u00e9moi, j\u2019\u00e9tais en maternelle, Elvis \u00e0 Hawa\u00ef) le cordonnier , la poste, les boulangers, le boucher (les pauvres petits veaux attendant d\u2019\u00eatre sacrifi\u00e9s), la mercerie, toutes les fermes avec&nbsp; tout le b\u00e9tail qui peuplait les prairies bien plus diversifi\u00e9es et fleuries qu\u2019aujourd\u2019hui &#8211;&nbsp; les bains-douches le samedi au rez-de chauss\u00e9e de la salle des f\u00eates (on emmenait nos serviettes et notre savon avec ma grand-m\u00e8re), les pompiers (eux, \u00e7a ne change pas, toujours aussi dynamiques), le garde-champ\u00eatre, l\u2019\u00e9quipe prestigieuse des Montreux-Sports (mon oncle Armand LAURENT revenant bless\u00e9 \u00e0 la maison). Toutes les \u00e9coles avec des instituteurs consciencieux que nous respections\u2026..Idem pour les cur\u00e9s, certains allaient m\u00eame chercher les gar\u00e7ons \u00e0 la maison en les tirant par les oreilles jusqu\u2019\u00e0 l\u2019\u00e9glise s\u2019ils manquaient \u00e0 l\u2019appel. Je pense aussi au mois de Marie, et les processions et les hannetons enferm\u00e9s dans des boites d\u2019allumettes&nbsp; que les copains l\u00e2chaient dans l\u2019\u00e9glise au grand dam de toute l\u2019assembl\u00e9e !<\/h4>\n<h4 style=\"text-align: justify;\">Tous ces gens hauts en couleurs qu\u2019on c\u00f4toyait que je ne citerai pas, par peur d\u2019en oublier. La roue tourne, le temps passe, certains souvenirs s\u2019estompent mais l\u2019esprit montreusien reste, puisque tu as eu le courage de porter le flambeau.<\/h4>\n<h4>Amicalement \u00e0 tous<\/h4>\n<h4>Pia<\/h4>\n<p>7 r\u00e9ponses \u00e0&nbsp;Retrouvailles<\/p>\n<\/div>\n<\/div>\n<div id=\"comments\">\n<ol class=\"commentlist\">\n<li id=\"li-comment-7\" class=\"comment even thread-even depth-1\">\n<div id=\"comment-7\">\n<div class=\"comment-author vcard\"><img loading=\"lazy\" decoding=\"async\" class=\"avatar avatar-40 photo\" src=\"http:\/\/1.gravatar.com\/avatar\/f9bcb2c9be1522e675bc1e915eab39ea?s=40&amp;d=http%3A%2F%2F1.gravatar.com%2Favatar%2Fad516503a11cd5ca435acc9bb6523536%3Fs%3D40&amp;r=G\" alt=\"\" width=\"40\" height=\"40\"><cite class=\"fn\">Bourquard<\/cite>&nbsp;<span class=\"says\">dit&nbsp;:<\/span><\/div>\n<div class=\"comment-meta commentmetadata\"><a href=\"http:\/\/montreux-vieux.net\/?p=238#comment-7\">22 janvier 2011 \u00e0 21 h 15 min<\/a><\/div>\n<div class=\"comment-body\">\n<p>Bonjour et merci pour vos souvenirs de Montreux Vieux !! C\u2019est vrai que c\u2019est un navrant de voir notre village qui ce meurt \u2026Moi j\u2019y habites depuis l\u2019\u00e2ge de 2 ans donc d\u00e9j\u00e0 37 ann\u00e9es .. Esp\u00e9rant cela revienne et que l\u2019ont puisses avoir une nouvelle dynamique .<\/p>\n<\/div>\n<div class=\"reply\"><\/div>\n<\/div>\n<\/li>\n<li id=\"li-comment-13\" class=\"comment odd alt thread-odd thread-alt depth-1\">\n<div id=\"comment-13\">\n<div class=\"comment-author vcard\"><img loading=\"lazy\" decoding=\"async\" class=\"avatar avatar-40 photo\" src=\"http:\/\/0.gravatar.com\/avatar\/0292f338a4f6d6a99ce3253f7a38a69b?s=40&amp;d=http%3A%2F%2F0.gravatar.com%2Favatar%2Fad516503a11cd5ca435acc9bb6523536%3Fs%3D40&amp;r=G\" alt=\"\" width=\"40\" height=\"40\"><cite class=\"fn\">Boiteux L\u00e9a<\/cite>&nbsp;<span class=\"says\">dit&nbsp;:<\/span><\/div>\n<div class=\"comment-meta commentmetadata\"><a href=\"http:\/\/montreux-vieux.net\/?p=238#comment-13\">6 f\u00e9vrier 2011 \u00e0 17 h 01 min<\/a><\/div>\n<div class=\"comment-body\">\n<p>C\u2019est malheureusement le lot de tous les villages de perdre les commerces. Seulement, il faut dire quand m\u00eame que Montreux-Vieux est loin d\u2019\u00eatre un village mourant. Au contraire, \u00e7a bouge beaucoup. Il y a de nombreuses associations qui font vivre le village, nous avons un petit march\u00e9 tous les vendredis, nous avons tout sur place : m\u00e9decins, dentiste \u2013 kin\u00e9 \u2013 point poste \u2013 gare etc\u2026 une semaine culturelle, des lotos, etc\u2026C\u2019dest \u00e0 nous de participer \u00e0 ces manifestations, c\u2019est \u00e0 nous de faire en sorte que le village reste vivant. Bonne journ\u00e9e \u00e0 tous<\/p>\n<\/div>\n<div class=\"reply\"><\/div>\n<\/div>\n<\/li>\n<li id=\"li-comment-14\" class=\"comment even thread-even depth-1\">\n<div id=\"comment-14\">\n<div class=\"comment-author vcard\"><img loading=\"lazy\" decoding=\"async\" class=\"avatar avatar-40 photo\" src=\"http:\/\/1.gravatar.com\/avatar\/b7a06a51a74c13dc2a583110cdbc6049?s=40&amp;d=http%3A%2F%2F1.gravatar.com%2Favatar%2Fad516503a11cd5ca435acc9bb6523536%3Fs%3D40&amp;r=G\" alt=\"\" width=\"40\" height=\"40\"><cite class=\"fn\">Pia<\/cite>&nbsp;<span class=\"says\">dit&nbsp;:<\/span><\/div>\n<div class=\"comment-meta commentmetadata\"><a href=\"http:\/\/montreux-vieux.net\/?p=238#comment-14\">6 f\u00e9vrier 2011 \u00e0 17 h 39 min<\/a><\/div>\n<div class=\"comment-body\">\n<p>Evidemment il y a eu la perte de la plupart des entreprises qui employaient une grande partie de la population et forc\u00e9ment amenait de l\u2019activit\u00e9 et des commerces. Pas besoin de voiture pour aller au boulot, le r\u00eave et l\u2019\u00e9cologie avant l\u2019heure. La gare \u00e9tait dynamique gr\u00e2ce \u00e0 Total notamment, les restaurants marchaient bien, Montreux rayonnait et \u00e9tait florissant(e).<br \/>\nDans le bus quand j\u2019allais au coll\u00e8ge, on nous appelait les \u00ab&nbsp;montre-cul&nbsp;\u00bb tant on \u00e9tait fiers et on nous enviait notre village alentour !<br \/>\nbon dimanche \u00e0 tous<br \/>\nPia<\/p>\n<\/div>\n<div class=\"reply\"><\/div>\n<\/div>\n<\/li>\n<li id=\"li-comment-27\" class=\"comment odd alt thread-odd thread-alt depth-1\">\n<div id=\"comment-27\">\n<div class=\"comment-author vcard\"><img loading=\"lazy\" decoding=\"async\" class=\"avatar avatar-40 photo\" src=\"http:\/\/0.gravatar.com\/avatar\/e0e980141f12a3edcfba1ec38b1a776f?s=40&amp;d=http%3A%2F%2F0.gravatar.com%2Favatar%2Fad516503a11cd5ca435acc9bb6523536%3Fs%3D40&amp;r=G\" alt=\"\" width=\"40\" height=\"40\"><cite class=\"fn\">Bouchonnet.E<\/cite>&nbsp;<span class=\"says\">dit&nbsp;:<\/span><\/div>\n<div class=\"comment-meta commentmetadata\"><a href=\"http:\/\/montreux-vieux.net\/?p=238#comment-27\">28 f\u00e9vrier 2011 \u00e0 9 h 50 min<\/a><\/div>\n<div class=\"comment-body\">\n<p>Bonjour.<br \/>\nJe voulais vous remercier pour ce blog,avec de tres belle photos qui font remont\u00e9 le temps.Souvenir de l\u2019\u00e9cole maternelle et primaire,les endroits ou l\u2019on passait notre temps \u00e0 jouer avec les copains du village,et mon incorporation au pompiers de montreux.<br \/>\nEncore merci,bonne journ\u00e9e \u00e0 tous.<\/p>\n<\/div>\n<div class=\"reply\"><\/div>\n<\/div>\n<\/li>\n<li id=\"li-comment-34\" class=\"comment even thread-even depth-1\">\n<div id=\"comment-34\">\n<div class=\"comment-author vcard\"><img loading=\"lazy\" decoding=\"async\" class=\"avatar avatar-40 photo\" src=\"http:\/\/1.gravatar.com\/avatar\/bd9154f1ad7b6a8f31f745c5a486955c?s=40&amp;d=http%3A%2F%2F1.gravatar.com%2Favatar%2Fad516503a11cd5ca435acc9bb6523536%3Fs%3D40&amp;r=G\" alt=\"\" width=\"40\" height=\"40\"><cite class=\"fn\">Une ancienne administr\u00e9e admirative du travail accompli sur ce blog !!!<\/cite>&nbsp;<span class=\"says\">dit&nbsp;:<\/span><\/div>\n<div class=\"comment-meta commentmetadata\"><a href=\"http:\/\/montreux-vieux.net\/?p=238#comment-34\">15 mars 2011 \u00e0 1 h 20 min<\/a><\/div>\n<div class=\"comment-body\">\n<p>Je suis \u00e9merveill\u00e9e quant \u00e0 la d\u00e9couverte de ce blog. Bravo \u00e0 qui de droit. Mes visites dans le village sont parcimonieuses. Dommage que ce blog soit NON OFFICIEL\u2026il poss\u00e8de pourtant TOUTES les qualit\u00e9s qu\u2019un blog requiert (de l\u2019info, des souvenirs, des d\u00e9couvertes etc\u2026).<\/p>\n<\/div>\n<div class=\"reply\"><\/div>\n<\/div>\n<\/li>\n<li id=\"li-comment-41\" class=\"comment odd alt thread-odd thread-alt depth-1\">\n<div id=\"comment-41\">\n<div class=\"comment-author vcard\"><img loading=\"lazy\" decoding=\"async\" class=\"avatar avatar-40 photo\" src=\"http:\/\/1.gravatar.com\/avatar\/bd9154f1ad7b6a8f31f745c5a486955c?s=40&amp;d=http%3A%2F%2F1.gravatar.com%2Favatar%2Fad516503a11cd5ca435acc9bb6523536%3Fs%3D40&amp;r=G\" alt=\"\" width=\"40\" height=\"40\"><cite class=\"fn\">Une ancienne administr\u00e9e admirative&#8230;<\/cite>&nbsp;<span class=\"says\">dit&nbsp;:<\/span><\/div>\n<div class=\"comment-meta commentmetadata\"><a href=\"http:\/\/montreux-vieux.net\/?p=238#comment-41\">28 mars 2011 \u00e0 12 h 44 min<\/a><\/div>\n<div class=\"comment-body\">\n<p>Merci d\u2019envoyer un mail pour nous pr\u00e9venir des nouveaut\u00e9s du blog\u2026<\/p>\n<p>Sinc\u00e8rement, le blog est int\u00e9ressant et donne envie de d\u00e9couvrir sous une autre forme le village de Montreux-Vieux\u2026<\/p>\n<p>Esp\u00e9rons que beaucoup vont se mobiliser afin de faire vivre cette commune \u00e0 travers l\u2019informatique.<\/p>\n<p>Merci encore et toujours \u00e0 vous cher Jean-Michel pour votre d\u00e9vouement \u00e0 la commune.<\/p>\n<p>Un ancien Secr\u00e9taire de Mairie que beaucoup appr\u00e9cient.<br \/>\nPoursuivez vos efforts. Je pense que je ne suis pas seule \u00e0 vous soutenir de la sorte.<\/p>\n<p>PS : on s\u2019enrichit des compliments et surtout des critiques, certes, mais triez les critiques car parfois elles ne sont pas constructives et surtout d\u00e9nu\u00e9es d\u2019intelligence.<\/p>\n<p>Au plaisir de d\u00e9couvrir\u2026cette belle commune et ses \u00ab&nbsp;activit\u00e9s&nbsp;\u00bb.<\/p>\n<\/div>\n<div class=\"reply\"><\/div>\n<\/div>\n<\/li>\n<li id=\"li-comment-74\" class=\"comment even thread-even depth-1\">\n<div id=\"comment-74\">\n<div class=\"comment-author vcard\"><img loading=\"lazy\" decoding=\"async\" class=\"avatar avatar-40 photo avatar-default\" src=\"http:\/\/0.gravatar.com\/avatar\/ad516503a11cd5ca435acc9bb6523536?s=40\" alt=\"\" width=\"40\" height=\"40\"><cite class=\"fn\">pascale schneider<\/cite>&nbsp;<span class=\"says\">dit&nbsp;:<\/span><\/div>\n<div class=\"comment-meta commentmetadata\"><a href=\"http:\/\/montreux-vieux.net\/?p=238#comment-74\">16 juin 2011 \u00e0 17 h 02 min<\/a><\/div>\n<div class=\"comment-body\">\n<p>j\u2019ai habit\u00e9 Montreux vieux \u00e9tant petite malgr\u00e9s mon jeune \u00e2ge j\u2019ai qq souvenir par exemple il m\u2019arrivait de chercher ma m\u00e8re \u00e0 son travail \u00e0 l\u2019usine qui aujourd\u2019hui est ferm\u00e9; les ouvriers \u00e9taient blanc de coton. l\u2019\u00e9picerie qui se trouvait pr\u00e8s de l\u2019\u00e9glise ou je jouait avec leur fille , la rue Bourquardette ou j\u2019habitais . Puis vers l\u2019\u00e2ge de 5 ans j\u2019ai d\u00e9m\u00e9nag\u00e9 sur Montreux ch\u00e2teau toutes mes petites copines je les aient retrouv\u00e9 au coll\u00e8ge. Je n\u2019ai pas perdu le contact avec ce village car j\u2019ai de la famille qui y vit encore .bonne continuation \u00e0 ce blog\u2026..<\/p>\n<p>&nbsp;<\/p>\n<\/div>\n<\/div>\n<\/li>\n<\/ol>\n<\/div>\n","protected":false},"excerpt":{"rendered":"<p>Ceci est le premier article de la rubrique \u00ab&nbsp;Retrouvailles&nbsp;\u00bb Bonjour Jean-Michel et f\u00e9licitations pour ce blog que je regarderai \u00e9voluer avec grand plaisir \u2013 Bien que n\u00e9e \u00e0 S\u00e9lestat, j\u2019ai pass\u00e9 ma petite enfance et ma jeunesse \u00e0 Montreux, \u00e9lev\u00e9e &hellip; <a href=\"https:\/\/montreux-vieux.net\/?page_id=5020\">Continuer la lecture <span class=\"meta-nav\">&rarr;<\/span><\/a><\/p>\n","protected":false},"author":1,"featured_media":0,"parent":2,"menu_order":14,"comment_status":"open","ping_status":"open","template":"","meta":{"footnotes":""},"class_list":["post-5020","page","type-page","status-publish","hentry"],"_links":{"self":[{"href":"https:\/\/montreux-vieux.net\/index.php?rest_route=\/wp\/v2\/pages\/5020","targetHints":{"allow":["GET"]}}],"collection":[{"href":"https:\/\/montreux-vieux.net\/index.php?rest_route=\/wp\/v2\/pages"}],"about":[{"href":"https:\/\/montreux-vieux.net\/index.php?rest_route=\/wp\/v2\/types\/page"}],"author":[{"embeddable":true,"href":"https:\/\/montreux-vieux.net\/index.php?rest_route=\/wp\/v2\/users\/1"}],"replies":[{"embeddable":true,"href":"https:\/\/montreux-vieux.net\/index.php?rest_route=%2Fwp%2Fv2%2Fcomments&post=5020"}],"version-history":[{"count":3,"href":"https:\/\/montreux-vieux.net\/index.php?rest_route=\/wp\/v2\/pages\/5020\/revisions"}],"predecessor-version":[{"id":13449,"href":"https:\/\/montreux-vieux.net\/index.php?rest_route=\/wp\/v2\/pages\/5020\/revisions\/13449"}],"up":[{"embeddable":true,"href":"https:\/\/montreux-vieux.net\/index.php?rest_route=\/wp\/v2\/pages\/2"}],"wp:attachment":[{"href":"https:\/\/montreux-vieux.net\/index.php?rest_route=%2Fwp%2Fv2%2Fmedia&parent=5020"}],"curies":[{"name":"wp","href":"https:\/\/api.w.org\/{rel}","templated":true}]}}