{"id":5145,"date":"2015-02-26T15:20:14","date_gmt":"2015-02-26T14:20:14","guid":{"rendered":"http:\/\/montreux-vieux.net\/?page_id=5145"},"modified":"2026-03-19T10:57:23","modified_gmt":"2026-03-19T09:57:23","slug":"la-jeanne-darc","status":"publish","type":"page","link":"https:\/\/montreux-vieux.net\/?page_id=5145","title":{"rendered":"La Jeanne d&rsquo;Arc"},"content":{"rendered":"<h3 style=\"text-align: center;\">La Jeanne d&rsquo;Arc<\/h3>\n<div id=\"attachment_5146\" style=\"width: 667px\" class=\"wp-caption aligncenter\"><a href=\"http:\/\/montreux-vieux.net\/montreux-vieux.net\/wp-content\/uploads\/2015\/02\/ScreenShot374.jpg\" target=\"_blank\" rel=\"noopener noreferrer\"><img loading=\"lazy\" decoding=\"async\" aria-describedby=\"caption-attachment-5146\" class=\"wp-image-5146 size-full\" src=\"http:\/\/montreux-vieux.net\/montreux-vieux.net\/wp-content\/uploads\/2015\/02\/ScreenShot374.jpg\" alt=\"La Jeanne d'Arc a Montreux-Vieux\" width=\"657\" height=\"427\" srcset=\"https:\/\/montreux-vieux.net\/montreux-vieux.net\/wp-content\/uploads\/2015\/02\/ScreenShot374.jpg 657w, https:\/\/montreux-vieux.net\/montreux-vieux.net\/wp-content\/uploads\/2015\/02\/ScreenShot374-300x195.jpg 300w, https:\/\/montreux-vieux.net\/montreux-vieux.net\/wp-content\/uploads\/2015\/02\/ScreenShot374-600x390.jpg 600w\" sizes=\"auto, (max-width: 657px) 100vw, 657px\" \/><\/a><p id=\"caption-attachment-5146\" class=\"wp-caption-text\">La Jeanne d&rsquo;Arc<\/p><\/div>\n<h4 style=\"text-align: justify;\">Vers les ann\u00e9es 1928, naissait \u00ab&nbsp;La Jeanne&nbsp;d\u2019Arc \u00bb, \u00e9tablissement qui approvisionnait les \u00e9piceries et commerces d\u2019alimentation de&nbsp;la R\u00e9gion&nbsp;de l\u2019Est. Pendant la guerre, les allemands l\u2019on transform\u00e9 en un d\u00e9p\u00f4t de vivres et de subsistances pour les Waffen SS.<\/h4>\n<p style=\"text-align: center;\"><a href=\"http:\/\/montreux-vieux.net\/montreux-vieux.net\/wp-content\/uploads\/2015\/02\/730_001-1.jpg\" target=\"_blank\" rel=\"noopener noreferrer\"><img loading=\"lazy\" decoding=\"async\" class=\"aligncenter wp-image-5209 size-medium\" src=\"http:\/\/montreux-vieux.net\/montreux-vieux.net\/wp-content\/uploads\/2015\/02\/730_001-1-229x300.jpg\" alt=\"730_001 (1)\" width=\"229\" height=\"300\" srcset=\"https:\/\/montreux-vieux.net\/montreux-vieux.net\/wp-content\/uploads\/2015\/02\/730_001-1-229x300.jpg 229w, https:\/\/montreux-vieux.net\/montreux-vieux.net\/wp-content\/uploads\/2015\/02\/730_001-1.jpg 556w\" sizes=\"auto, (max-width: 229px) 100vw, 229px\" \/><\/a><\/p>\n<h4 style=\"text-align: justify;\">C\u2019est avec \u00ab La Jeanne d\u2019Arc \u00bb que des r\u00e9servoirs d\u2019hydrocarbures se sont implant\u00e9s pour en devenir des entreprises ind\u00e9pendantes comme \u00ab OZO \u00bb, \u00ab Est-OZO \u00bb et finalement \u00ab Total \u00bb puis \u00ab Total Est \u00bb.<\/h4>\n\n\n<figure class=\"wp-block-image size-large\"><img loading=\"lazy\" decoding=\"async\" width=\"710\" height=\"218\" src=\"http:\/\/montreux-vieux.net\/montreux-vieux.net\/wp-content\/uploads\/2020\/10\/Screen-Shot-10-19-20-at-04.14-PM.png\" alt=\"\" class=\"wp-image-21621\" srcset=\"https:\/\/montreux-vieux.net\/montreux-vieux.net\/wp-content\/uploads\/2020\/10\/Screen-Shot-10-19-20-at-04.14-PM.png 710w, https:\/\/montreux-vieux.net\/montreux-vieux.net\/wp-content\/uploads\/2020\/10\/Screen-Shot-10-19-20-at-04.14-PM-300x92.png 300w\" sizes=\"auto, (max-width: 710px) 100vw, 710px\" \/><\/figure>\n\n\n<div class=\"wp-block-image\">\n<figure class=\"aligncenter size-large\"><img loading=\"lazy\" decoding=\"async\" width=\"799\" height=\"490\" src=\"http:\/\/montreux-vieux.net\/montreux-vieux.net\/wp-content\/uploads\/2020\/10\/Screen-Shot-10-19-20-at-04.10-PM_InPixio.png\" alt=\"\" class=\"wp-image-21620\" srcset=\"https:\/\/montreux-vieux.net\/montreux-vieux.net\/wp-content\/uploads\/2020\/10\/Screen-Shot-10-19-20-at-04.10-PM_InPixio.png 799w, https:\/\/montreux-vieux.net\/montreux-vieux.net\/wp-content\/uploads\/2020\/10\/Screen-Shot-10-19-20-at-04.10-PM_InPixio-300x184.png 300w, https:\/\/montreux-vieux.net\/montreux-vieux.net\/wp-content\/uploads\/2020\/10\/Screen-Shot-10-19-20-at-04.10-PM_InPixio-768x471.png 768w\" sizes=\"auto, (max-width: 799px) 100vw, 799px\" \/><\/figure>\n<\/div>\n\n<div class=\"wp-block-image\">\n<figure class=\"aligncenter size-large\"><img loading=\"lazy\" decoding=\"async\" width=\"776\" height=\"167\" src=\"http:\/\/montreux-vieux.net\/montreux-vieux.net\/wp-content\/uploads\/2020\/10\/Screen-Shot-10-19-20-at-04.16-PM-001.png\" alt=\"\" class=\"wp-image-21622\" srcset=\"https:\/\/montreux-vieux.net\/montreux-vieux.net\/wp-content\/uploads\/2020\/10\/Screen-Shot-10-19-20-at-04.16-PM-001.png 776w, https:\/\/montreux-vieux.net\/montreux-vieux.net\/wp-content\/uploads\/2020\/10\/Screen-Shot-10-19-20-at-04.16-PM-001-300x65.png 300w, https:\/\/montreux-vieux.net\/montreux-vieux.net\/wp-content\/uploads\/2020\/10\/Screen-Shot-10-19-20-at-04.16-PM-001-768x165.png 768w\" sizes=\"auto, (max-width: 776px) 100vw, 776px\" \/><\/figure>\n<\/div>\n\n<div class=\"wp-block-image\">\n<figure class=\"aligncenter size-large\"><img loading=\"lazy\" decoding=\"async\" width=\"700\" height=\"443\" src=\"http:\/\/montreux-vieux.net\/montreux-vieux.net\/wp-content\/uploads\/2020\/10\/Screen-Shot-10-19-20-at-04.16-PM_InPixio_InPixio.png\" alt=\"\" class=\"wp-image-21624\" srcset=\"https:\/\/montreux-vieux.net\/montreux-vieux.net\/wp-content\/uploads\/2020\/10\/Screen-Shot-10-19-20-at-04.16-PM_InPixio_InPixio.png 700w, https:\/\/montreux-vieux.net\/montreux-vieux.net\/wp-content\/uploads\/2020\/10\/Screen-Shot-10-19-20-at-04.16-PM_InPixio_InPixio-300x190.png 300w\" sizes=\"auto, (max-width: 700px) 100vw, 700px\" \/><\/figure>\n<\/div>\n\n\n<figure class=\"wp-block-image size-large\"><img loading=\"lazy\" decoding=\"async\" width=\"700\" height=\"443\" src=\"http:\/\/montreux-vieux.net\/montreux-vieux.net\/wp-content\/uploads\/2020\/10\/Screen-Shot-10-19-20-at-04.16-PM.png\" alt=\"\" class=\"wp-image-21626\" srcset=\"https:\/\/montreux-vieux.net\/montreux-vieux.net\/wp-content\/uploads\/2020\/10\/Screen-Shot-10-19-20-at-04.16-PM.png 700w, https:\/\/montreux-vieux.net\/montreux-vieux.net\/wp-content\/uploads\/2020\/10\/Screen-Shot-10-19-20-at-04.16-PM-300x190.png 300w\" sizes=\"auto, (max-width: 700px) 100vw, 700px\" \/><\/figure>\n\n\n<div class=\"wp-block-image\">\n<figure class=\"aligncenter size-large\"><img loading=\"lazy\" decoding=\"async\" width=\"594\" height=\"435\" src=\"https:\/\/montreux-vieux.net\/montreux-vieux.net\/wp-content\/uploads\/2021\/06\/image.png\" alt=\"\" class=\"wp-image-23222\" srcset=\"https:\/\/montreux-vieux.net\/montreux-vieux.net\/wp-content\/uploads\/2021\/06\/image.png 594w, https:\/\/montreux-vieux.net\/montreux-vieux.net\/wp-content\/uploads\/2021\/06\/image-300x220.png 300w\" sizes=\"auto, (max-width: 594px) 100vw, 594px\" \/><figcaption class=\"wp-element-caption\">Le d\u00e9p\u00f4t de carburants de la Jeanne d&rsquo;Arc en 1948<\/figcaption><\/figure>\n<\/div>\n\n\n<p>La locomotive ayant servie \u00e0 manoeuvrer les wagons<\/p>\n\n\n<div class=\"wp-block-image\">\n<figure class=\"aligncenter size-large\"><img loading=\"lazy\" decoding=\"async\" width=\"791\" height=\"540\" src=\"https:\/\/montreux-vieux.net\/montreux-vieux.net\/wp-content\/uploads\/2021\/04\/F-jeanne-darc1_InPixio.jpg\" alt=\"\" class=\"wp-image-22890\" srcset=\"https:\/\/montreux-vieux.net\/montreux-vieux.net\/wp-content\/uploads\/2021\/04\/F-jeanne-darc1_InPixio.jpg 791w, https:\/\/montreux-vieux.net\/montreux-vieux.net\/wp-content\/uploads\/2021\/04\/F-jeanne-darc1_InPixio-300x205.jpg 300w, https:\/\/montreux-vieux.net\/montreux-vieux.net\/wp-content\/uploads\/2021\/04\/F-jeanne-darc1_InPixio-768x524.jpg 768w\" sizes=\"auto, (max-width: 791px) 100vw, 791px\" \/><\/figure>\n<\/div>\n\n\n<p>Pour m\u00e9moire: <\/p>\n\n\n\n<p>Bonsoir Monsieur Pfirsch, &nbsp; Tr\u00e8s int\u00e9ressante cette photo de locotracteur. Je suis curieux de savoir si quelqu&rsquo;un valide le fait qu&rsquo;il ait un jour circul\u00e9 sur le domaine de la Jeanne d&rsquo;Arc \u00e0 Montreux. &nbsp; A priori, il s&rsquo;agit d&rsquo;un locotracteur \u00e9lectrique Crochat dont les moteurs plac\u00e9s sur chaque bogie \u00e9taient aliment\u00e9s par une dynamo, elle m\u00eame actionn\u00e9e par un moteur \u00e0 essence. Ces locotracteurs avaient \u00e9t\u00e9 d\u00e9velopp\u00e9s \u00e0 partir de 1916 dans une version pourvue d&rsquo;un blindage l\u00e9ger en acier pour un usage militaire. &nbsp; Il n&rsquo;est pas exclu que certains exemplaires hors d&rsquo;usage et abandonn\u00e9s par le g\u00e9nie militaire, aient \u00e9t\u00e9 restaur\u00e9s ou reconfigur\u00e9s pour un usage civil. Le seul point qui me fait douter est qu&rsquo;il s&rsquo;agit manifestement d&rsquo;un engin \u00e0 voie \u00e9troite et je ne suis pas sur qu&rsquo;il existait un r\u00e9seau \u00e0 voie de 0,60 sur le site de la Jeanne d&rsquo;Arc. En revanche, il est possible que des voies de 0,60 de la gare militaire de Montreux-Vieux qui se trouvait sur le site de ce qui fut plus tard la Jeanne d&rsquo;Arc ou alentours aient exist\u00e9 longtemps apr\u00e8s la fin de la guerre de 14. &nbsp; C&rsquo;est un sujet qui m\u00e9rite d&rsquo;\u00eatre approfondi. Bien cordialement. Daniel LOUGNOT &nbsp;<\/p>\n\n\n\n<p>La Jeanne d&rsquo;Arc \u00e0 Montreux-Vieux avise son ancienne et fid\u00e8le client\u00e8le qu\u2019elle a rouvert ses entrep\u00f4ts de Montreux-Vieux ou le meilleur accueil lui sera r\u00e9serv\u00e9. Denr\u00e9es contingent\u00e9es et libre\u00bbL&rsquo;Alsace,&nbsp;28 juin 1945, p.&nbsp;2\/2<\/p>\n\n\n\n<p><\/p>\n\n\n\n<p>M. Lougnot 15 mars 2026 LA JEANNE D&rsquo;ARC, SPLENDEUR ET D\u00c9CADENCE.<\/p>\n\n\n\n<p>Voici deux int\u00e9ressantes photos de 1935 qui montrent le d\u00e9p\u00f4t p\u00e9trolier et l&rsquo;entrep\u00f4t situ\u00e9s le long du canal et reli\u00e9s au r\u00e9seau ferr\u00e9 par un embranchement particulier. Sur l&rsquo;une d&rsquo;elle, on peut apercevoir les b\u00e2timents de la rotonde qui servait \u00e0 l&rsquo;entretien des locomotives \u00e0 vapeur.<\/p>\n\n\n\n<p>Tout un pan de l&rsquo;histoire de Montreux-Vieux &#8230; que les moins de vingt ans ne peuvent pas conna\u00eetre !<\/p>\n\n\n\n<figure class=\"wp-block-image size-full\"><img loading=\"lazy\" decoding=\"async\" width=\"1010\" height=\"547\" src=\"https:\/\/montreux-vieux.net\/montreux-vieux.net\/wp-content\/uploads\/2026\/03\/image-5.png\" alt=\"\" class=\"wp-image-28604\" srcset=\"https:\/\/montreux-vieux.net\/montreux-vieux.net\/wp-content\/uploads\/2026\/03\/image-5.png 1010w, https:\/\/montreux-vieux.net\/montreux-vieux.net\/wp-content\/uploads\/2026\/03\/image-5-300x162.png 300w, https:\/\/montreux-vieux.net\/montreux-vieux.net\/wp-content\/uploads\/2026\/03\/image-5-768x416.png 768w\" sizes=\"auto, (max-width: 1010px) 100vw, 1010px\" \/><\/figure>\n\n\n\n<figure class=\"wp-block-image size-full\"><img loading=\"lazy\" decoding=\"async\" width=\"1012\" height=\"563\" src=\"https:\/\/montreux-vieux.net\/montreux-vieux.net\/wp-content\/uploads\/2026\/03\/image-4.png\" alt=\"\" class=\"wp-image-28603\" srcset=\"https:\/\/montreux-vieux.net\/montreux-vieux.net\/wp-content\/uploads\/2026\/03\/image-4.png 1012w, https:\/\/montreux-vieux.net\/montreux-vieux.net\/wp-content\/uploads\/2026\/03\/image-4-300x167.png 300w, https:\/\/montreux-vieux.net\/montreux-vieux.net\/wp-content\/uploads\/2026\/03\/image-4-768x427.png 768w\" sizes=\"auto, (max-width: 1012px) 100vw, 1012px\" \/><\/figure>\n\n\n\n<p>LA JEANNE D&rsquo;ARC, SPLENDEUR ET D\u00c9CADENCE (suite).<\/p>\n\n\n\n<p>Cr\u00e9\u00e9e en 1921, la Jeanne d&rsquo;Arc assurait la distribution de tous les carburants, combustibles liquides fluides et lourds et huiles de graissage dans le Haut-Rhin, le Territoire de Belfort, la Haute-Sa\u00f4ne, le Doubs, les Vosges, la Meurthe et Moselle et la Haute-Marne ainsi que dans une partie du Bas-Rhin, de la C\u00f4te d&rsquo;Or, de la Meuse et de l&rsquo;Aube. Elle disposait pour cela de deux implantations : \u00e0 Golbey-Epinal et \u00e0 Montreux-Vieux, aliment\u00e9es l&rsquo;une et l&rsquo;autre par des rames SNCF et par p\u00e9niches.<\/p>\n\n\n\n<p>La capacit\u00e9 de stockage en vrac d\u00e9passait 5000 m3 et une innombrable gamme de conditionnements, de toutes capacit\u00e9s, \u00e9tait \u00e9galement disponible.<\/p>\n\n\n\n<p>Dans l&rsquo;imm\u00e9diat apr\u00e8s-guerre, la distribution s&rsquo;appuyait sur un parc de 2 gros porteurs de 20000 litres, de 2 moyens porteurs de 9000 litres et de 7 petits camions de 3000 et 5000 litres. La soci\u00e9t\u00e9 poss\u00e9dait \u00e9galement en propre un parc de 14 wagons-citernes et des locotracteurs de man\u0153uvre.<\/p>\n\n\n\n<p>Voici deux autres vues du site de Montreux en 1947 qui montrent l&rsquo;une, les cuves de vrac et l&rsquo;autre, l&rsquo;entrep\u00f4t de stockage des petits conditionnements et l&rsquo;alignement des cuves permettant le chargement des diff\u00e9rentes sp\u00e9cialit\u00e9s p\u00e9troli\u00e8res dans les camions de livraison.<\/p>\n\n\n\n<figure class=\"wp-block-image size-full\"><img loading=\"lazy\" decoding=\"async\" width=\"599\" height=\"435\" src=\"https:\/\/montreux-vieux.net\/montreux-vieux.net\/wp-content\/uploads\/2026\/03\/image-6.png\" alt=\"\" class=\"wp-image-28605\" srcset=\"https:\/\/montreux-vieux.net\/montreux-vieux.net\/wp-content\/uploads\/2026\/03\/image-6.png 599w, https:\/\/montreux-vieux.net\/montreux-vieux.net\/wp-content\/uploads\/2026\/03\/image-6-300x218.png 300w\" sizes=\"auto, (max-width: 599px) 100vw, 599px\" \/><\/figure>\n\n\n\n<figure class=\"wp-block-image size-full\"><img loading=\"lazy\" decoding=\"async\" width=\"687\" height=\"494\" src=\"https:\/\/montreux-vieux.net\/montreux-vieux.net\/wp-content\/uploads\/2026\/03\/image-7.png\" alt=\"\" class=\"wp-image-28606\" srcset=\"https:\/\/montreux-vieux.net\/montreux-vieux.net\/wp-content\/uploads\/2026\/03\/image-7.png 687w, https:\/\/montreux-vieux.net\/montreux-vieux.net\/wp-content\/uploads\/2026\/03\/image-7-300x216.png 300w\" sizes=\"auto, (max-width: 687px) 100vw, 687px\" \/><\/figure>\n\n\n\n<p>LA JEANNE D&rsquo;ARC, SPLENDEUR ET DECADENCE (suite et fin).<\/p>\n\n\n\n<p>Parall\u00e8lement \u00e0 son activit\u00e9 p\u00e9troli\u00e8re, la \u00ab\u00a0Jeanne d&rsquo;Arc\u00a0\u00bb avait cr\u00e9\u00e9, \u00e9galement en 1921, une filiale de distribution de produits alimentaires et m\u00e9nagers connue comme \u00ab\u00a0Union Commerciale de l&rsquo;Est\u00a0\u00bb. Elle s&rsquo;\u00e9tait appuy\u00e9e pour cela sur une \u00e9picerie en gros \u00e9tablie \u00e0 \u00c9pinal depuis la fin du 10e si\u00e8cle qui commercialisait ses propres produits sous la marque \u00ab\u00a0Jeanne-Lorraine\u00a0\u00bb. A la faveur du rachat de plusieurs \u00e9piceries en gros dont la plus importante et la plus ancienne \u00e9tait la soci\u00e9t\u00e9 Lamboley-Voirin de Remiremont fut ainsi cr\u00e9\u00e9e une activit\u00e9 totalement innovante pour l&rsquo;\u00e9poque qu&rsquo;on appellerait aujourd&rsquo;hui une centrale d&rsquo;achat !<\/p>\n\n\n\n<p>Le si\u00e8ge de cette filiale \u00e9tait \u00e0 Epinal dans l&rsquo;entreprise ayant servi de point de d\u00e9part \u00e0 cette activit\u00e9 de distribution. Et gr\u00e2ce \u00e0 un d\u00e9veloppement tr\u00e8s rapide qui r\u00e9pondait aux importants besoins de l&rsquo;apr\u00e8s-guerre, elle comptait d\u00e9j\u00e0 une dizaine de d\u00e9p\u00f4ts en 1924 (\u00e0 Remiremont, Saint-Di\u00e9, Neufch\u00e2teau, Lure, Belfort, Langres et elle tentait de s&rsquo;implanter en Allemagne \u00e0 Kaiserslautern, Mayence et Sarrebruck). En 1929, le r\u00e9seau des d\u00e9p\u00f4ts fut r\u00e9organis\u00e9 et rationalis\u00e9 et une implantation nouvelle fut cr\u00e9\u00e9e \u00e0 Montreux-Vieux \u00e0 c\u00f4t\u00e9 du site existant de distribution des produits p\u00e9troliers.<\/p>\n\n\n\n<p>Le d\u00e9veloppement du mod\u00e8le commercial des supermarch\u00e9s et de la grande distribution conduisit progressivement au d\u00e9clin des petites \u00e9piceries et des stations-service ind\u00e9pendantes et avec elles \u00e0 la faillite de la Jeanne d&rsquo;Arc. En1968, l&rsquo;entrep\u00f4t de Montreux-Vieux fut rachet\u00e9 par la soci\u00e9t\u00e9 de transport Georges Helminger qui devint Mory TNTE en 1985, tandis que le site p\u00e9trolier fut repris et r\u00e9am\u00e9nag\u00e9 par OZO, une filiale de Total \u00c9nergie en 1971. Les anciens \u00e9quipements de stockage furent remplac\u00e9s par des cuves beaucoup plus modernes dont la plus grande contenait plus de 10 millions de litres de carburant.<\/p>\n\n\n\n<p>En 1985, Total cessa toute activit\u00e9 \u00e0 Montreux et une dizaine d&rsquo;ann\u00e9es plus tard, en 1994, Helminger\/Mory abandonna \u00e0 son tour, cette implantation montreusienne exploit\u00e9e pendant 65 ans et qui employait encore 70 personnes. En 1999, apr\u00e8s l&rsquo;\u00e9pisode rocambolesque de Montreux-Pneus, le site fut d\u00e9finitivement ferm\u00e9 et devint la friche que l&rsquo;on conna\u00eet aujourd&rsquo;hui.<\/p>\n\n\n\n<figure class=\"wp-block-image size-large\"><img loading=\"lazy\" decoding=\"async\" width=\"1024\" height=\"885\" src=\"https:\/\/montreux-vieux.net\/montreux-vieux.net\/wp-content\/uploads\/2026\/03\/image-8-1024x885.png\" alt=\"\" class=\"wp-image-28607\" srcset=\"https:\/\/montreux-vieux.net\/montreux-vieux.net\/wp-content\/uploads\/2026\/03\/image-8-1024x885.png 1024w, https:\/\/montreux-vieux.net\/montreux-vieux.net\/wp-content\/uploads\/2026\/03\/image-8-300x259.png 300w, https:\/\/montreux-vieux.net\/montreux-vieux.net\/wp-content\/uploads\/2026\/03\/image-8-768x664.png 768w, https:\/\/montreux-vieux.net\/montreux-vieux.net\/wp-content\/uploads\/2026\/03\/image-8.png 1238w\" sizes=\"auto, (max-width: 1024px) 100vw, 1024px\" \/><\/figure>\n\n\n\n<figure class=\"wp-block-image size-full\"><img loading=\"lazy\" decoding=\"async\" width=\"775\" height=\"1014\" src=\"https:\/\/montreux-vieux.net\/montreux-vieux.net\/wp-content\/uploads\/2026\/03\/image-9.png\" alt=\"\" class=\"wp-image-28608\" srcset=\"https:\/\/montreux-vieux.net\/montreux-vieux.net\/wp-content\/uploads\/2026\/03\/image-9.png 775w, https:\/\/montreux-vieux.net\/montreux-vieux.net\/wp-content\/uploads\/2026\/03\/image-9-229x300.png 229w, https:\/\/montreux-vieux.net\/montreux-vieux.net\/wp-content\/uploads\/2026\/03\/image-9-768x1005.png 768w\" sizes=\"auto, (max-width: 775px) 100vw, 775px\" \/><\/figure>\n\n\n\n<figure class=\"wp-block-image size-full\"><img loading=\"lazy\" decoding=\"async\" width=\"299\" height=\"400\" src=\"https:\/\/montreux-vieux.net\/montreux-vieux.net\/wp-content\/uploads\/2026\/03\/image-10.png\" alt=\"\" class=\"wp-image-28609\" srcset=\"https:\/\/montreux-vieux.net\/montreux-vieux.net\/wp-content\/uploads\/2026\/03\/image-10.png 299w, https:\/\/montreux-vieux.net\/montreux-vieux.net\/wp-content\/uploads\/2026\/03\/image-10-224x300.png 224w\" sizes=\"auto, (max-width: 299px) 100vw, 299px\" \/><\/figure>\n\n\n\n<figure class=\"wp-block-image size-full\"><img loading=\"lazy\" decoding=\"async\" width=\"858\" height=\"856\" src=\"https:\/\/montreux-vieux.net\/montreux-vieux.net\/wp-content\/uploads\/2026\/03\/image-11.png\" alt=\"\" class=\"wp-image-28610\" srcset=\"https:\/\/montreux-vieux.net\/montreux-vieux.net\/wp-content\/uploads\/2026\/03\/image-11.png 858w, https:\/\/montreux-vieux.net\/montreux-vieux.net\/wp-content\/uploads\/2026\/03\/image-11-300x300.png 300w, https:\/\/montreux-vieux.net\/montreux-vieux.net\/wp-content\/uploads\/2026\/03\/image-11-150x150.png 150w, https:\/\/montreux-vieux.net\/montreux-vieux.net\/wp-content\/uploads\/2026\/03\/image-11-768x766.png 768w\" sizes=\"auto, (max-width: 858px) 100vw, 858px\" \/><\/figure>\n\n\n\n<figure class=\"wp-block-image size-full\"><img loading=\"lazy\" decoding=\"async\" width=\"938\" height=\"558\" src=\"https:\/\/montreux-vieux.net\/montreux-vieux.net\/wp-content\/uploads\/2026\/03\/image-12.png\" alt=\"\" class=\"wp-image-28611\" srcset=\"https:\/\/montreux-vieux.net\/montreux-vieux.net\/wp-content\/uploads\/2026\/03\/image-12.png 938w, https:\/\/montreux-vieux.net\/montreux-vieux.net\/wp-content\/uploads\/2026\/03\/image-12-300x178.png 300w, https:\/\/montreux-vieux.net\/montreux-vieux.net\/wp-content\/uploads\/2026\/03\/image-12-768x457.png 768w\" sizes=\"auto, (max-width: 938px) 100vw, 938px\" \/><\/figure>\n\n\n\n<figure class=\"wp-block-image size-full\"><img loading=\"lazy\" decoding=\"async\" width=\"621\" height=\"330\" src=\"https:\/\/montreux-vieux.net\/montreux-vieux.net\/wp-content\/uploads\/2026\/03\/image-13.png\" alt=\"\" class=\"wp-image-28612\" srcset=\"https:\/\/montreux-vieux.net\/montreux-vieux.net\/wp-content\/uploads\/2026\/03\/image-13.png 621w, https:\/\/montreux-vieux.net\/montreux-vieux.net\/wp-content\/uploads\/2026\/03\/image-13-300x159.png 300w\" sizes=\"auto, (max-width: 621px) 100vw, 621px\" \/><\/figure>\n\n\n\n<figure class=\"wp-block-image size-large\"><img loading=\"lazy\" decoding=\"async\" width=\"1024\" height=\"656\" src=\"https:\/\/montreux-vieux.net\/montreux-vieux.net\/wp-content\/uploads\/2026\/03\/image-14-1024x656.png\" alt=\"\" class=\"wp-image-28613\" srcset=\"https:\/\/montreux-vieux.net\/montreux-vieux.net\/wp-content\/uploads\/2026\/03\/image-14-1024x656.png 1024w, https:\/\/montreux-vieux.net\/montreux-vieux.net\/wp-content\/uploads\/2026\/03\/image-14-300x192.png 300w, https:\/\/montreux-vieux.net\/montreux-vieux.net\/wp-content\/uploads\/2026\/03\/image-14-768x492.png 768w, https:\/\/montreux-vieux.net\/montreux-vieux.net\/wp-content\/uploads\/2026\/03\/image-14-1536x984.png 1536w, https:\/\/montreux-vieux.net\/montreux-vieux.net\/wp-content\/uploads\/2026\/03\/image-14.png 1587w\" sizes=\"auto, (max-width: 1024px) 100vw, 1024px\" \/><\/figure>\n\n\n\n<figure class=\"wp-block-image size-full\"><img loading=\"lazy\" decoding=\"async\" width=\"995\" height=\"689\" src=\"https:\/\/montreux-vieux.net\/montreux-vieux.net\/wp-content\/uploads\/2026\/03\/image-15.png\" alt=\"\" class=\"wp-image-28614\" srcset=\"https:\/\/montreux-vieux.net\/montreux-vieux.net\/wp-content\/uploads\/2026\/03\/image-15.png 995w, https:\/\/montreux-vieux.net\/montreux-vieux.net\/wp-content\/uploads\/2026\/03\/image-15-300x208.png 300w, https:\/\/montreux-vieux.net\/montreux-vieux.net\/wp-content\/uploads\/2026\/03\/image-15-768x532.png 768w\" sizes=\"auto, (max-width: 995px) 100vw, 995px\" \/><\/figure>\n\n\n\n<figure class=\"wp-block-image size-large\"><img loading=\"lazy\" decoding=\"async\" width=\"1024\" height=\"709\" src=\"https:\/\/montreux-vieux.net\/montreux-vieux.net\/wp-content\/uploads\/2026\/03\/image-16-1024x709.png\" alt=\"\" class=\"wp-image-28615\" srcset=\"https:\/\/montreux-vieux.net\/montreux-vieux.net\/wp-content\/uploads\/2026\/03\/image-16-1024x709.png 1024w, https:\/\/montreux-vieux.net\/montreux-vieux.net\/wp-content\/uploads\/2026\/03\/image-16-300x208.png 300w, https:\/\/montreux-vieux.net\/montreux-vieux.net\/wp-content\/uploads\/2026\/03\/image-16-768x532.png 768w, https:\/\/montreux-vieux.net\/montreux-vieux.net\/wp-content\/uploads\/2026\/03\/image-16-1536x1064.png 1536w, https:\/\/montreux-vieux.net\/montreux-vieux.net\/wp-content\/uploads\/2026\/03\/image-16.png 2048w\" sizes=\"auto, (max-width: 1024px) 100vw, 1024px\" \/><\/figure>\n\n\n\n<figure class=\"wp-block-image size-large\"><img loading=\"lazy\" decoding=\"async\" width=\"1024\" height=\"709\" src=\"https:\/\/montreux-vieux.net\/montreux-vieux.net\/wp-content\/uploads\/2026\/03\/image-17-1024x709.png\" alt=\"\" class=\"wp-image-28616\" srcset=\"https:\/\/montreux-vieux.net\/montreux-vieux.net\/wp-content\/uploads\/2026\/03\/image-17-1024x709.png 1024w, https:\/\/montreux-vieux.net\/montreux-vieux.net\/wp-content\/uploads\/2026\/03\/image-17-300x208.png 300w, https:\/\/montreux-vieux.net\/montreux-vieux.net\/wp-content\/uploads\/2026\/03\/image-17-768x532.png 768w, https:\/\/montreux-vieux.net\/montreux-vieux.net\/wp-content\/uploads\/2026\/03\/image-17.png 1275w\" sizes=\"auto, (max-width: 1024px) 100vw, 1024px\" \/><\/figure>\n\n\n\n<figure class=\"wp-block-image size-large\"><img loading=\"lazy\" decoding=\"async\" width=\"1024\" height=\"709\" src=\"https:\/\/montreux-vieux.net\/montreux-vieux.net\/wp-content\/uploads\/2026\/03\/image-18-1024x709.png\" alt=\"\" class=\"wp-image-28617\" srcset=\"https:\/\/montreux-vieux.net\/montreux-vieux.net\/wp-content\/uploads\/2026\/03\/image-18-1024x709.png 1024w, https:\/\/montreux-vieux.net\/montreux-vieux.net\/wp-content\/uploads\/2026\/03\/image-18-300x208.png 300w, https:\/\/montreux-vieux.net\/montreux-vieux.net\/wp-content\/uploads\/2026\/03\/image-18-768x532.png 768w, https:\/\/montreux-vieux.net\/montreux-vieux.net\/wp-content\/uploads\/2026\/03\/image-18-1536x1063.png 1536w, https:\/\/montreux-vieux.net\/montreux-vieux.net\/wp-content\/uploads\/2026\/03\/image-18.png 1929w\" sizes=\"auto, (max-width: 1024px) 100vw, 1024px\" \/><\/figure>\n\n\n\n<figure class=\"wp-block-image size-large\"><img loading=\"lazy\" decoding=\"async\" width=\"1024\" height=\"709\" src=\"https:\/\/montreux-vieux.net\/montreux-vieux.net\/wp-content\/uploads\/2026\/03\/image-19-1024x709.png\" alt=\"\" class=\"wp-image-28618\" srcset=\"https:\/\/montreux-vieux.net\/montreux-vieux.net\/wp-content\/uploads\/2026\/03\/image-19-1024x709.png 1024w, https:\/\/montreux-vieux.net\/montreux-vieux.net\/wp-content\/uploads\/2026\/03\/image-19-300x208.png 300w, https:\/\/montreux-vieux.net\/montreux-vieux.net\/wp-content\/uploads\/2026\/03\/image-19-768x532.png 768w, https:\/\/montreux-vieux.net\/montreux-vieux.net\/wp-content\/uploads\/2026\/03\/image-19-1536x1064.png 1536w, https:\/\/montreux-vieux.net\/montreux-vieux.net\/wp-content\/uploads\/2026\/03\/image-19.png 2048w\" sizes=\"auto, (max-width: 1024px) 100vw, 1024px\" \/><\/figure>\n\n\n\n<figure class=\"wp-block-image size-full\"><img loading=\"lazy\" decoding=\"async\" width=\"261\" height=\"181\" src=\"https:\/\/montreux-vieux.net\/montreux-vieux.net\/wp-content\/uploads\/2026\/03\/image-20.png\" alt=\"\" class=\"wp-image-28619\"\/><\/figure>\n","protected":false},"excerpt":{"rendered":"<p>La Jeanne d&rsquo;Arc Vers les ann\u00e9es 1928, naissait \u00ab&nbsp;La Jeanne&nbsp;d\u2019Arc \u00bb, \u00e9tablissement qui approvisionnait les \u00e9piceries et commerces d\u2019alimentation de&nbsp;la R\u00e9gion&nbsp;de l\u2019Est. Pendant la guerre, les allemands l\u2019on transform\u00e9 en un d\u00e9p\u00f4t de vivres et de subsistances pour les Waffen &hellip; <a href=\"https:\/\/montreux-vieux.net\/?page_id=5145\">Continuer la lecture <span class=\"meta-nav\">&rarr;<\/span><\/a><\/p>\n","protected":false},"author":1,"featured_media":0,"parent":13040,"menu_order":24,"comment_status":"open","ping_status":"open","template":"","meta":{"footnotes":""},"class_list":["post-5145","page","type-page","status-publish","hentry"],"_links":{"self":[{"href":"https:\/\/montreux-vieux.net\/index.php?rest_route=\/wp\/v2\/pages\/5145","targetHints":{"allow":["GET"]}}],"collection":[{"href":"https:\/\/montreux-vieux.net\/index.php?rest_route=\/wp\/v2\/pages"}],"about":[{"href":"https:\/\/montreux-vieux.net\/index.php?rest_route=\/wp\/v2\/types\/page"}],"author":[{"embeddable":true,"href":"https:\/\/montreux-vieux.net\/index.php?rest_route=\/wp\/v2\/users\/1"}],"replies":[{"embeddable":true,"href":"https:\/\/montreux-vieux.net\/index.php?rest_route=%2Fwp%2Fv2%2Fcomments&post=5145"}],"version-history":[{"count":13,"href":"https:\/\/montreux-vieux.net\/index.php?rest_route=\/wp\/v2\/pages\/5145\/revisions"}],"predecessor-version":[{"id":28620,"href":"https:\/\/montreux-vieux.net\/index.php?rest_route=\/wp\/v2\/pages\/5145\/revisions\/28620"}],"up":[{"embeddable":true,"href":"https:\/\/montreux-vieux.net\/index.php?rest_route=\/wp\/v2\/pages\/13040"}],"wp:attachment":[{"href":"https:\/\/montreux-vieux.net\/index.php?rest_route=%2Fwp%2Fv2%2Fmedia&parent=5145"}],"curies":[{"name":"wp","href":"https:\/\/api.w.org\/{rel}","templated":true}]}}