{"id":7031,"date":"2016-02-15T14:47:22","date_gmt":"2016-02-15T13:47:22","guid":{"rendered":"http:\/\/montreux-vieux.net\/?page_id=7031"},"modified":"2019-01-02T14:43:31","modified_gmt":"2019-01-02T13:43:31","slug":"souvenir-dun-chant-de-theodore-botrel-intitule-en-alsace","status":"publish","type":"page","link":"https:\/\/montreux-vieux.net\/?page_id=7031","title":{"rendered":"Souvenir d\u2019un chant de Th\u00e9odore Botrel intitul\u00e9 : \u00ab\u00a0En Alsace\u00a0\u00bb"},"content":{"rendered":"<h3 style=\"text-align: center;\">Souvenir d\u2019un chant&nbsp;de Th\u00e9odore Botrel intitul\u00e9 : \u00ab\u00a0En Alsace\u00a0\u00bb<\/h3>\n<h4 style=\"text-align: justify;\">A l\u2019\u00e9cole,&nbsp; en classe de fin d\u2019\u00e9tudes, il fallait apprendre par c\u0153ur un certain nombre de chants. Parmi eux un chant militaire de Th\u00e9odore Botrel intitul\u00e9 \u00ab&nbsp;En Alsace&nbsp;\u00bb ou il cite le village de Montreux-Vieux. Cet &nbsp;auteur-compositeur d\u2019origine bretonne (1868-1925) qui est notamment l\u2019auteur de \u00ab La Paimpolaise \u00bb avait \u00e9pous\u00e9 une alsacienne.<\/h4>\n<p style=\"text-align: center;\"><a href=\"http:\/\/montreux-vieux.net\/montreux-vieux.net\/wp-content\/uploads\/2016\/02\/DomesticTourists-4.jpg\" target=\"_blank\"><img loading=\"lazy\" decoding=\"async\" class=\"aligncenter wp-image-7029 size-full\" src=\"http:\/\/montreux-vieux.net\/montreux-vieux.net\/wp-content\/uploads\/2016\/02\/DomesticTourists-4.jpg\" alt=\"DomesticTourists (4)\" width=\"944\" height=\"755\" srcset=\"https:\/\/montreux-vieux.net\/montreux-vieux.net\/wp-content\/uploads\/2016\/02\/DomesticTourists-4.jpg 944w, https:\/\/montreux-vieux.net\/montreux-vieux.net\/wp-content\/uploads\/2016\/02\/DomesticTourists-4-300x240.jpg 300w, https:\/\/montreux-vieux.net\/montreux-vieux.net\/wp-content\/uploads\/2016\/02\/DomesticTourists-4-768x614.jpg 768w, https:\/\/montreux-vieux.net\/montreux-vieux.net\/wp-content\/uploads\/2016\/02\/DomesticTourists-4-600x480.jpg 600w\" sizes=\"auto, (max-width: 944px) 100vw, 944px\" \/><\/a><\/p>\n<h4 style=\"text-align: justify;\">Sa chanson \u00ab&nbsp;En Alsace&nbsp;\u00bb il l\u2019a interpr\u00e9t\u00e9 pour la premi\u00e8re fois dans une salle &nbsp;de la maison o\u00f9 habitait&nbsp;la famille Boyat de Montreux-Jeune. A ses c\u00f4t\u00e9s se tenait un acteur de la Com\u00e9die-Fran\u00e7aise. Trois jeunes filles, petites paysannes \u00e9merveill\u00e9es furent les premi\u00e8res auditrices d\u2019un chant qui magnifiait l\u2019amour de la France pour l\u2019Alsace et en hommage &nbsp;aux officiers qui, en arrivant \u00e0 l\u2019ancienne fronti\u00e8re \u00e0 la sortie du petit bois qui domine Montreux-Vieux&nbsp; faisaient arr\u00eater leurs troupes et commandaient&nbsp;: \u00ab\u00a0Garde-\u00e0-vous&nbsp;! Voici l\u2019Alsace. Pr\u00e9sentez Armes \u00ab\u00a0<\/h4>\n<p style=\"text-align: center;\">\n<table id=\"tablepress-7\" class=\"tablepress tablepress-id-7\">\n<thead>\n<tr class=\"row-1\">\n\t<th class=\"column-1\">\u00ab Quand nous franch\u00eemes la fronti\u00e8re<br \/>\nPour reconqu\u00e9rir le pays<br \/>\nO\u00f9 depuis la derni\u00e8re guerre<br \/>\nTant d\u2019exil\u00e9s sont endormis<br \/>\nSur un ton nostalgique et tendre,  <br \/>\nDans le vent les sapins chantaient<br \/>\nNous f\u00fbmes surpris de comprendre  <br \/>\nCe qu\u2019entre eux ils se chuchotaient<br \/>\nDes Vosges fid\u00e8les,<br \/>\nSombres sentinelles,<br \/>\nComme aux anciens jours<br \/>\nLes sapins d\u2019Alsace<br \/>\nParlent \u00e0 voix basse<br \/>\nEn fran\u00e7ais toujours,<br \/>\nToujours !<br \/>\n<\/th><th class=\"column-2\">Le lendemain c\u2019\u00e9tait dimanche<br \/>\nD\u2019un talon sonore et joyeux<br \/>\nNous martelions la route blanche<br \/>\nQui descend jusqu\u2019\u00e0 Montreux\u2010Vieux<br \/>\nLes cloches de chaque village  <br \/>\nCarillonnaient \u00e0 l\u2019unisson<br \/>\nEt nous comprenions leur langage<br \/>\nEt leur pri\u00e8re et leur chanson<br \/>\nDes vertus chr\u00e9tiennes<br \/>\nFerventes gardiennes,<br \/>\nComme aux anciens jours<br \/>\nLes cloches d\u2019Alsace<br \/>\nSonnent dans l\u2019espace<br \/>\nEn fran\u00e7ais toujours,<br \/>\nToujours !<br \/>\n<\/th><th class=\"column-3\">Dieu f\u00eat\u00e9, la journ\u00e9e enti\u00e8re<br \/>\nOn nous f\u00eata dans le hameau<br \/>\nEt, d\u00e9daignant la lourde bi\u00e8re<br \/>\nOn nous versa du vin nouveau ;<br \/>\nEt, le vin montant \u00e0 la t\u00eate<br \/>\nAinsi que \u00ab l\u2019eau du c\u0153ur \u00bb aux yeux,  <br \/>\nChacun poussa la chansonnette<br \/>\nDans le doux parler des a\u00efeux<br \/>\nOui, quand il faut boire,  <br \/>\n\u00d4 France ! \u00e0 ta gloire,<br \/>\nComme aux anciens jours<br \/>\nLe vin blanc d\u2019Alsace<br \/>\nFait chanter la Race<br \/>\nEn fran\u00e7ais toujours,  <br \/>\nToujours !<br \/>\n<\/th><th class=\"column-4\">En rouvrant l\u2019\u00e9cole publique<br \/>\nAux petits alsaciens ravis<br \/>\nOn dicta cette phrase unique :<br \/>\n\u00ab La douce France est mon pays \u00bb<br \/>\nEt tous les \u00e9coliers de dire  <br \/>\nA leur nouvel instituteur :<br \/>\n\u00ab Sans faute nous saurons l\u2019\u00e9crire<br \/>\nCette phrase on la sait\u2026 par c\u0153ur ! \u00bb<br \/>\nAh ! Vive l\u2019Aurore<br \/>\nQui nous rit encore<br \/>\nComme aux anciens jours<br \/>\nFid\u00e8le et tenace,<br \/>\nLe peuple d\u2019Alsace<br \/>\nEst fran\u00e7ais toujours,<br \/>\nToujours !<br \/>\n<\/th>\n<\/tr>\n<\/thead>\n<tbody class=\"row-striping row-hover\">\n<tr class=\"row-2\">\n\t<td class=\"column-1\"><\/td><td class=\"column-2\"><\/td><td class=\"column-3\"><\/td><td class=\"column-4\"><\/td>\n<\/tr>\n<tr class=\"row-3\">\n\t<td class=\"column-1\"><\/td><td class=\"column-2\"><\/td><td class=\"column-3\"><\/td><td class=\"column-4\"><\/td>\n<\/tr>\n<tr class=\"row-4\">\n\t<td class=\"column-1\"><\/td><td class=\"column-2\"><\/td><td class=\"column-3\"><\/td><td class=\"column-4\"><\/td>\n<\/tr>\n<tr class=\"row-5\">\n\t<td class=\"column-1\"><\/td><td class=\"column-2\"><\/td><td class=\"column-3\"><\/td><td class=\"column-4\"><\/td>\n<\/tr>\n<tr class=\"row-6\">\n\t<td class=\"column-1\"><\/td><td class=\"column-2\"><\/td><td class=\"column-3\"><\/td><td class=\"column-4\"><\/td>\n<\/tr>\n<tr class=\"row-7\">\n\t<td class=\"column-1\"><\/td><td class=\"column-2\"><\/td><td class=\"column-3\"><\/td><td class=\"column-4\"><\/td>\n<\/tr>\n<tr class=\"row-8\">\n\t<td class=\"column-1\"><\/td><td class=\"column-2\"><\/td><td class=\"column-3\"><\/td><td class=\"column-4\"><\/td>\n<\/tr>\n<tr class=\"row-9\">\n\t<td class=\"column-1\"><\/td><td class=\"column-2\"><\/td><td class=\"column-3\"><\/td><td class=\"column-4\"><\/td>\n<\/tr>\n<tr class=\"row-10\">\n\t<td class=\"column-1\"><\/td><td class=\"column-2\"><\/td><td class=\"column-3\"><\/td><td class=\"column-4\"><\/td>\n<\/tr>\n<tr class=\"row-11\">\n\t<td class=\"column-1\"><\/td><td class=\"column-2\"><\/td><td class=\"column-3\"><\/td><td class=\"column-4\"><\/td>\n<\/tr>\n<tr class=\"row-12\">\n\t<td class=\"column-1\"><\/td><td class=\"column-2\"><\/td><td class=\"column-3\"><\/td><td class=\"column-4\"><\/td>\n<\/tr>\n<tr class=\"row-13\">\n\t<td class=\"column-1\"><\/td><td class=\"column-2\"><\/td><td class=\"column-3\"><\/td><td class=\"column-4\"><\/td>\n<\/tr>\n<tr class=\"row-14\">\n\t<td class=\"column-1\"><\/td><td class=\"column-2\"><\/td><td class=\"column-3\"><\/td><td class=\"column-4\"><\/td>\n<\/tr>\n<tr class=\"row-15\">\n\t<td class=\"column-1\"><\/td><td class=\"column-2\"><\/td><td class=\"column-3\"><\/td><td class=\"column-4\"><\/td>\n<\/tr>\n<\/tbody>\n<\/table>\n<!-- #tablepress-7 from cache --><\/p>\n","protected":false},"excerpt":{"rendered":"<p>Souvenir d\u2019un chant&nbsp;de Th\u00e9odore Botrel intitul\u00e9 : \u00ab\u00a0En Alsace\u00a0\u00bb A l\u2019\u00e9cole,&nbsp; en classe de fin d\u2019\u00e9tudes, il fallait apprendre par c\u0153ur un certain nombre de chants. Parmi eux un chant militaire de Th\u00e9odore Botrel intitul\u00e9 \u00ab&nbsp;En Alsace&nbsp;\u00bb ou il cite &hellip; <a href=\"https:\/\/montreux-vieux.net\/?page_id=7031\">Continuer la lecture <span class=\"meta-nav\">&rarr;<\/span><\/a><\/p>\n","protected":false},"author":1,"featured_media":0,"parent":13042,"menu_order":8,"comment_status":"closed","ping_status":"open","template":"","meta":{"footnotes":""},"class_list":["post-7031","page","type-page","status-publish","hentry"],"_links":{"self":[{"href":"https:\/\/montreux-vieux.net\/index.php?rest_route=\/wp\/v2\/pages\/7031","targetHints":{"allow":["GET"]}}],"collection":[{"href":"https:\/\/montreux-vieux.net\/index.php?rest_route=\/wp\/v2\/pages"}],"about":[{"href":"https:\/\/montreux-vieux.net\/index.php?rest_route=\/wp\/v2\/types\/page"}],"author":[{"embeddable":true,"href":"https:\/\/montreux-vieux.net\/index.php?rest_route=\/wp\/v2\/users\/1"}],"replies":[{"embeddable":true,"href":"https:\/\/montreux-vieux.net\/index.php?rest_route=%2Fwp%2Fv2%2Fcomments&post=7031"}],"version-history":[{"count":2,"href":"https:\/\/montreux-vieux.net\/index.php?rest_route=\/wp\/v2\/pages\/7031\/revisions"}],"predecessor-version":[{"id":13358,"href":"https:\/\/montreux-vieux.net\/index.php?rest_route=\/wp\/v2\/pages\/7031\/revisions\/13358"}],"up":[{"embeddable":true,"href":"https:\/\/montreux-vieux.net\/index.php?rest_route=\/wp\/v2\/pages\/13042"}],"wp:attachment":[{"href":"https:\/\/montreux-vieux.net\/index.php?rest_route=%2Fwp%2Fv2%2Fmedia&parent=7031"}],"curies":[{"name":"wp","href":"https:\/\/api.w.org\/{rel}","templated":true}]}}