{"id":9426,"date":"2017-06-30T16:27:27","date_gmt":"2017-06-30T15:27:27","guid":{"rendered":"http:\/\/montreux-vieux.net\/?page_id=9426"},"modified":"2018-12-28T14:12:28","modified_gmt":"2018-12-28T13:12:28","slug":"le-saviez-vous-les-alsaciens-et-le-14-juillet","status":"publish","type":"page","link":"https:\/\/montreux-vieux.net\/?page_id=9426","title":{"rendered":"Le saviez-vous ? Les alsaciens et le 14 juillet"},"content":{"rendered":"<h3 style=\"text-align: center;\">Le saviez-vous ? Les alsaciens et le 14 juillet<\/h3>\n<p><a href=\"http:\/\/montreux-vieux.net\/montreux-vieux.net\/wp-content\/uploads\/2017\/06\/ScreenShot610.jpg\" target=\"_blank\" rel=\"noopener\"><img loading=\"lazy\" decoding=\"async\" class=\"aligncenter wp-image-9424 size-full\" src=\"http:\/\/montreux-vieux.net\/montreux-vieux.net\/wp-content\/uploads\/2017\/06\/ScreenShot610.jpg\" alt=\"\" width=\"666\" height=\"531\" srcset=\"https:\/\/montreux-vieux.net\/montreux-vieux.net\/wp-content\/uploads\/2017\/06\/ScreenShot610.jpg 666w, https:\/\/montreux-vieux.net\/montreux-vieux.net\/wp-content\/uploads\/2017\/06\/ScreenShot610-300x239.jpg 300w, https:\/\/montreux-vieux.net\/montreux-vieux.net\/wp-content\/uploads\/2017\/06\/ScreenShot610-600x478.jpg 600w\" sizes=\"auto, (max-width: 666px) 100vw, 666px\" \/><\/a><\/p>\n<h4 style=\"text-align: justify;\">Apr\u00e8s 1871 les alsaciens avaient le droit de se rendre en France \u00e0 Belfort pour participer aux r\u00e9jouissances nationales du 14 juillet.<\/h4>\n<h4 style=\"text-align: justify;\">En 1889 l&rsquo;administration allemande, \u00e0 la gare fronti\u00e8re de Montreux-Vieux a constat\u00e9 que dans la soir\u00e9e il a fallu organiser un train compos\u00e9 de 34 voitures de voyageurs et le nombre de personnes tellement important qu&rsquo;il a fallu deux heures au commissaire sp\u00e9cial et \u00e0 ses acolytes pour examiner les passkarte, dont les voyageurs \u00e9taient munis.<\/h4>\n<h4 style=\"text-align: justify;\">Cons\u00e9quences: retard du train, qui n&rsquo;est arriv\u00e9 \u00e0 Mulhouse que pr\u00e8s de deux heures apr\u00e8s l&rsquo;heure marqu\u00e9e \u00e0 l&rsquo;horaire d&rsquo;arriv\u00e9e.<\/h4>\n<h5 style=\"text-align: justify;\">Sources: L&rsquo;Ind\u00e9pendant de Mascara 25\/07\/1889<\/h5>\n<h6>Compl\u00e9ment: sources&nbsp;<b>L&rsquo;Avenir de Bougie. L&rsquo;Oued-Sahel du 23 juillet 1891&nbsp;<\/b><\/h6>\n<h4 style=\"text-align: justify;\">L&#8217;empressement des annex\u00e9s \u00e0 se rendre en France mardi 14 juillet a eu le don d&rsquo;exas&nbsp;p\u00e9rer les autorit\u00e9s allemandes, qui leur ont exprim\u00e9 \u00e0 leur mani\u00e8re que leurs sentiments leur d\u00e9plaisaient et voici \u00e0 quelles man\u0153uvres ineptes elles se sont livr\u00e9es :<br \/>\nLe commissaire sp\u00e9cial de la gare de <span class=\"highlightedText\">Mon<\/span><span class=\"highlightedText\">treux-Vieux<\/span> a us\u00e9 de l&rsquo;intimidation. Au dernier train arrivant de Belfort, mardi soir \u00e0 huit heures, tous les voyageurs ont d\u00fb exhiber non-seulement leur laisser-passer, mais aussi leur billet. Ceux qui pr\u00e9sentaient leur paukarte, ainsi reconnus \u00eatre annex\u00e9s, ont subi un v\u00e9ritable interrogatoire du juge d&rsquo;instruction : quand \u00e9taient-ils all\u00e9s en France ? dans quelle localit\u00e9 avaient-ils pass\u00e9 la journ\u00e9e ?<\/h4>\n<p>Les r\u00e9ponses et le nom du r\u00e9pondant ont \u00e9t\u00e9 inscrits par un secr\u00e9taire. Cette vexation renouvel\u00e9e \u00e0 six personnes a eu pour cons\u00e9quence de retarder le d\u00e9part du train de deux heures. De sorte que les voyageurs allant au del\u00e0 de Mulhouse ont manqu\u00e9 les correspondances \u00e0 cette derni\u00e8re station, tous les derniers trains \u00e9taient partis depuis longtemps. Beaucoup de braves gens, n&rsquo;ayant pas de quoi aller coucher \u00e0 l&rsquo;h\u00f4tel ont d\u00fb attendre dans les salles d&rsquo;attente ou \u00e0 la belle \u00e9toile et l&rsquo;aube et les premiers trains de mercredi.<\/p>\n","protected":false},"excerpt":{"rendered":"<p>Le saviez-vous ? Les alsaciens et le 14 juillet Apr\u00e8s 1871 les alsaciens avaient le droit de se rendre en France \u00e0 Belfort pour participer aux r\u00e9jouissances nationales du 14 juillet. En 1889 l&rsquo;administration allemande, \u00e0 la gare fronti\u00e8re de &hellip; <a href=\"https:\/\/montreux-vieux.net\/?page_id=9426\">Continuer la lecture <span class=\"meta-nav\">&rarr;<\/span><\/a><\/p>\n","protected":false},"author":1,"featured_media":0,"parent":13034,"menu_order":10,"comment_status":"closed","ping_status":"open","template":"","meta":{"footnotes":""},"class_list":["post-9426","page","type-page","status-publish","hentry"],"_links":{"self":[{"href":"https:\/\/montreux-vieux.net\/index.php?rest_route=\/wp\/v2\/pages\/9426","targetHints":{"allow":["GET"]}}],"collection":[{"href":"https:\/\/montreux-vieux.net\/index.php?rest_route=\/wp\/v2\/pages"}],"about":[{"href":"https:\/\/montreux-vieux.net\/index.php?rest_route=\/wp\/v2\/types\/page"}],"author":[{"embeddable":true,"href":"https:\/\/montreux-vieux.net\/index.php?rest_route=\/wp\/v2\/users\/1"}],"replies":[{"embeddable":true,"href":"https:\/\/montreux-vieux.net\/index.php?rest_route=%2Fwp%2Fv2%2Fcomments&post=9426"}],"version-history":[{"count":4,"href":"https:\/\/montreux-vieux.net\/index.php?rest_route=\/wp\/v2\/pages\/9426\/revisions"}],"predecessor-version":[{"id":13122,"href":"https:\/\/montreux-vieux.net\/index.php?rest_route=\/wp\/v2\/pages\/9426\/revisions\/13122"}],"up":[{"embeddable":true,"href":"https:\/\/montreux-vieux.net\/index.php?rest_route=\/wp\/v2\/pages\/13034"}],"wp:attachment":[{"href":"https:\/\/montreux-vieux.net\/index.php?rest_route=%2Fwp%2Fv2%2Fmedia&parent=9426"}],"curies":[{"name":"wp","href":"https:\/\/api.w.org\/{rel}","templated":true}]}}